{"id":1526,"date":"2025-04-15T09:49:11","date_gmt":"2025-04-15T07:49:11","guid":{"rendered":"https:\/\/forstcontrol.com\/?page_id=1526"},"modified":"2025-04-16T11:34:56","modified_gmt":"2025-04-16T09:34:56","slug":"news","status":"publish","type":"page","link":"https:\/\/forstcontrol.com\/it\/news\/","title":{"rendered":"Notizie"},"content":{"rendered":"<div data-elementor-type=\"wp-page\" data-elementor-id=\"1526\" class=\"elementor elementor-1526\" data-elementor-post-type=\"page\">\n\t\t\t\t<div class=\"elementor-element elementor-element-cd6c8ee e-grid e-con-boxed e-con e-parent\" data-id=\"cd6c8ee\" data-element_type=\"container\" data-e-type=\"container\" data-settings=\"{&quot;background_background&quot;:&quot;gradient&quot;}\">\n\t\t\t\t\t<div class=\"e-con-inner\">\n\t\t<div class=\"elementor-element elementor-element-17606b0 e-con-full e-flex e-con e-child\" data-id=\"17606b0\" data-element_type=\"container\" data-e-type=\"container\">\n\t\t\t\t<div class=\"elementor-element elementor-element-cf8e349 elementor-widget__width-initial elementor-widget elementor-widget-heading\" data-id=\"cf8e349\" data-element_type=\"widget\" data-e-type=\"widget\" data-widget_type=\"heading.default\">\n\t\t\t\t<div class=\"elementor-widget-container\">\n\t\t\t\t\t<h1 class=\"elementor-heading-title elementor-size-default\">ForstControl - Aggiornamenti e informazioni<\/h1>\t\t\t\t<\/div>\n\t\t\t\t<\/div>\n\t\t\t\t<div class=\"elementor-element elementor-element-01fe9d3 elementor-widget__width-initial elementor-widget elementor-widget-text-editor\" data-id=\"01fe9d3\" data-element_type=\"widget\" data-e-type=\"widget\" data-widget_type=\"text-editor.default\">\n\t\t\t\t<div class=\"elementor-widget-container\">\n\t\t\t\t\t\t\t\t\t<p>La soluzione intelligente per le aziende forestali: registrare il lavoro in modo digitale, organizzare il team in modo efficiente e tenere sempre sotto controllo i progetti.<\/p>\t\t\t\t\t\t\t\t<\/div>\n\t\t\t\t<\/div>\n\t\t\t\t<\/div>\n\t\t<div class=\"elementor-element elementor-element-c0a7c8a e-con-full elementor-hidden-tablet elementor-hidden-mobile e-flex e-con e-child\" data-id=\"c0a7c8a\" data-element_type=\"container\" data-e-type=\"container\" data-settings=\"{&quot;background_background&quot;:&quot;video&quot;,&quot;background_play_on_mobile&quot;:&quot;yes&quot;}\">\n\t\t\t\t<\/div>\n\t\t\t\t\t<\/div>\n\t\t\t\t<\/div>\n\t\t<div class=\"elementor-element elementor-element-7466f39 section-l e-flex e-con-boxed e-con e-parent\" data-id=\"7466f39\" data-element_type=\"container\" data-e-type=\"container\">\n\t\t\t\t\t<div class=\"e-con-inner\">\n\t\t<div class=\"elementor-element elementor-element-3896d5f e-con-full e-flex e-con e-child\" data-id=\"3896d5f\" data-element_type=\"container\" data-e-type=\"container\">\n\t\t<div class=\"elementor-element elementor-element-99df33a e-con-full e-flex e-con e-child\" data-id=\"99df33a\" data-element_type=\"container\" data-e-type=\"container\">\n\t\t\t\t<div class=\"elementor-element elementor-element-743491a elementor-widget elementor-widget-elementskit-blog-posts\" data-id=\"743491a\" data-element_type=\"widget\" data-e-type=\"widget\" data-widget_type=\"elementskit-blog-posts.default\">\n\t\t\t\t<div class=\"elementor-widget-container\">\n\t\t\t\t\t<div class=\"ekit-wid-con\" >        <div id=\"post-items--743491a\" class=\"row post-items\">\n                    <div class=\"col-lg-4 col-md-6\">\n\n                                    <div class=\"elementskit-post-image-card\">\n                        <div class=\"elementskit-entry-header\">\n                                                            <a href=\"https:\/\/forstcontrol.com\/it\/forstcontrol-startet-ki-innovationsprojekt-mit-fhnw-und-innosuisse\/\" class=\"elementskit-entry-thumb\">\n                                    <img decoding=\"async\" src=\"https:\/\/forstcontrol.com\/wp-content\/uploads\/2026\/02\/Innosuisse.jpg\" alt=\"ForstControl startet KI-Innovationsprojekt mit FHNW und Innosuisse\">\n                                <\/a><!-- .elementskit-entry-thumb END -->\n                                                            \n                            \n\t\t\t\t\t\t\t\t\t\t\t\t\t<\/div><!-- .elementskit-entry-header END -->\n\n\t\t\t\t\t\t<div class=\"elementskit-post-body\">\n\t\t\t\t\t\t\t\n\t\t\t\t\t\t\t\t\t\t\t\t\t\t\t\t\t\t\t\t\t\t\t\t\t\t\t\t\t\t\n\t\t\t\t\t\t\t\t\n\t\t\t\t\t\t\t\t\t\t\t\t\t\t\t\t\t\t\t\t\t<h2 class=\"entry-title\">\n\t\t\t\t\t<a href=\"https:\/\/forstcontrol.com\/it\/forstcontrol-startet-ki-innovationsprojekt-mit-fhnw-und-innosuisse\/\">\n\t\t\t\t\t\tForstControl lancia il progetto di innovazione AI con FHNW e Innosuisse\t\t\t\t\t<\/a>\n\t\t\t\t<\/h2>\n\t\t\t\t\t\t\t\t\t\t\t\t\t\t\t\t\t\t\t\t\t\t\t\t\t\t\t\t\t\t\t\t\t\t\t\t\t\t\t\t\t\t<p>ForstControl geht den n\u00e4chsten Innovationsschritt: Gemeinsam mit der Fachhochschule Nordwestschweiz und der Innosuisse entwickeln wir&hellip;<\/p>\n\t\t\t\t\t\t\t\t\t\t\t\t\t\t\t\t\t\t\t\t\t\t                                                            <div class=\"btn-wraper\">\n                                    \n                                                                            <a class=\"elementskit-btn whitespace--normal\" id=\"\" href=\"https:\/\/forstcontrol.com\/it\/forstcontrol-startet-ki-innovationsprojekt-mit-fhnw-und-innosuisse\/\">\n                                        \t                                            Per saperne di pi\u00f9                                        <\/a>\n                                                                    <\/div>\n                                                    <\/div><!-- .elementskit-post-body END -->\n                    <\/div>\n                \n            <\/div>\n                    <div class=\"col-lg-4 col-md-6\">\n\n                                    <div class=\"elementskit-post-image-card\">\n                        <div class=\"elementskit-entry-header\">\n                                                            <a href=\"https:\/\/forstcontrol.com\/it\/forstcontrol-smartflow-3-5\/\" class=\"elementskit-entry-thumb\">\n                                    <img decoding=\"async\" src=\"https:\/\/forstcontrol.com\/wp-content\/uploads\/2026\/02\/ForstControl-SmartFlow-3.5-1024x683.webp\" alt=\"ForstControl SmartFlow 3.5\">\n                                <\/a><!-- .elementskit-entry-thumb END -->\n                                                            \n                            \n\t\t\t\t\t\t\t\t\t\t\t\t\t<\/div><!-- .elementskit-entry-header END -->\n\n\t\t\t\t\t\t<div class=\"elementskit-post-body\">\n\t\t\t\t\t\t\t\n\t\t\t\t\t\t\t\t\t\t\t\t\t\t\t\t\t\t\t\t\t\t\t\t\t\t\t\t\t\t\n\t\t\t\t\t\t\t\t\n\t\t\t\t\t\t\t\t\t\t\t\t\t\t\t\t\t\t\t\t\t<h2 class=\"entry-title\">\n\t\t\t\t\t<a href=\"https:\/\/forstcontrol.com\/it\/forstcontrol-smartflow-3-5\/\">\n\t\t\t\t\t\tForstControl SmartFlow 3.5\t\t\t\t\t<\/a>\n\t\t\t\t<\/h2>\n\t\t\t\t\t\t\t\t\t\t\t\t\t\t\t\t\t\t\t\t\t\t\t\t\t\t\t\t\t\t\t\t\t\t\t\t\t\t\t\t\t\t<p>Mehr Automationen. Mehr Funktionen. Sp\u00fcrbar mehr Entlastung. Mit ForstControl SmartFlow 3.5 machen wir den n\u00e4chsten&hellip;<\/p>\n\t\t\t\t\t\t\t\t\t\t\t\t\t\t\t\t\t\t\t\t\t\t                                                            <div class=\"btn-wraper\">\n                                    \n                                                                            <a class=\"elementskit-btn whitespace--normal\" id=\"\" href=\"https:\/\/forstcontrol.com\/it\/forstcontrol-smartflow-3-5\/\">\n                                        \t                                            Per saperne di pi\u00f9                                        <\/a>\n                                                                    <\/div>\n                                                    <\/div><!-- .elementskit-post-body END -->\n                    <\/div>\n                \n            <\/div>\n                    <div class=\"col-lg-4 col-md-6\">\n\n                                    <div class=\"elementskit-post-image-card\">\n                        <div class=\"elementskit-entry-header\">\n                                                            <a href=\"https:\/\/forstcontrol.com\/it\/siabit-ag-gewinnt-gold-an-den-best-of-swiss-software-awards-2025\/\" class=\"elementskit-entry-thumb\">\n                                    <img decoding=\"async\" src=\"https:\/\/forstcontrol.com\/wp-content\/uploads\/2025\/11\/Website-Mitteilung-1024x754.jpg\" alt=\"siabit AG gewinnt Gold an den Best of Swiss Software Awards 2025\">\n                                <\/a><!-- .elementskit-entry-thumb END -->\n                                                            \n                            \n\t\t\t\t\t\t\t\t\t\t\t\t\t<\/div><!-- .elementskit-entry-header END -->\n\n\t\t\t\t\t\t<div class=\"elementskit-post-body\">\n\t\t\t\t\t\t\t\n\t\t\t\t\t\t\t\t\t\t\t\t\t\t\t\t\t\t\t\t\t\t\t\t\t\t\t\t\t\t\n\t\t\t\t\t\t\t\t\n\t\t\t\t\t\t\t\t\t\t\t\t\t\t\t\t\t\t\t\t\t<h2 class=\"entry-title\">\n\t\t\t\t\t<a href=\"https:\/\/forstcontrol.com\/it\/siabit-ag-gewinnt-gold-an-den-best-of-swiss-software-awards-2025\/\">\n\t\t\t\t\t\tsiabit AG vince l'oro ai Best of Swiss Software Awards 2025\t\t\t\t\t<\/a>\n\t\t\t\t<\/h2>\n\t\t\t\t\t\t\t\t\t\t\t\t\t\t\t\t\t\t\t\t\t\t\t\t\t\t\t\t\t\t\t\t\t\t\t\t\t\t\t\t\t\t<p>Ich freue mich ausserordentlich, euch heute eine grossartige Nachricht zu \u00fcberbringen:Die siabit AG hat mit&hellip;<\/p>\n\t\t\t\t\t\t\t\t\t\t\t\t\t\t\t\t\t\t\t\t\t\t                                                            <div class=\"btn-wraper\">\n                                    \n                                                                            <a class=\"elementskit-btn whitespace--normal\" id=\"\" href=\"https:\/\/forstcontrol.com\/it\/siabit-ag-gewinnt-gold-an-den-best-of-swiss-software-awards-2025\/\">\n                                        \t                                            Per saperne di pi\u00f9                                        <\/a>\n                                                                    <\/div>\n                                                    <\/div><!-- .elementskit-post-body END -->\n                    <\/div>\n                \n            <\/div>\n                    <div class=\"col-lg-4 col-md-6\">\n\n                                    <div class=\"elementskit-post-image-card\">\n                        <div class=\"elementskit-entry-header\">\n                                                            <a href=\"https:\/\/forstcontrol.com\/it\/vertrauen-qualitaet-sicherheit-forstcontrol-erneut-dreifach-iso-zertifiziert\/\" class=\"elementskit-entry-thumb\">\n                                    <img decoding=\"async\" src=\"https:\/\/forstcontrol.com\/wp-content\/uploads\/2025\/11\/David_Henzmann_ISO-1024x903.jpeg\" alt=\"Vertrauen, Qualit\u00e4t, Sicherheit: Forstcontrol erneut dreifach ISO-zertifiziert\">\n                                <\/a><!-- .elementskit-entry-thumb END -->\n                                                            \n                            \n\t\t\t\t\t\t\t\t\t\t\t\t\t<\/div><!-- .elementskit-entry-header END -->\n\n\t\t\t\t\t\t<div class=\"elementskit-post-body\">\n\t\t\t\t\t\t\t\n\t\t\t\t\t\t\t\t\t\t\t\t\t\t\t\t\t\t\t\t\t\t\t\t\t\t\t\t\t\t\n\t\t\t\t\t\t\t\t\n\t\t\t\t\t\t\t\t\t\t\t\t\t\t\t\t\t\t\t\t\t<h2 class=\"entry-title\">\n\t\t\t\t\t<a href=\"https:\/\/forstcontrol.com\/it\/vertrauen-qualitaet-sicherheit-forstcontrol-erneut-dreifach-iso-zertifiziert\/\">\n\t\t\t\t\t\tFiducia, qualit\u00e0, sicurezza: Forstcontrol ancora una volta tripla certificazione ISO\t\t\t\t\t<\/a>\n\t\t\t\t<\/h2>\n\t\t\t\t\t\t\t\t\t\t\t\t\t\t\t\t\t\t\t\t\t\t\t\t\t\t\t\t\t\t\t\t\t\t\t\t\t\t\t\t\t\t<p>ForstControl hat das diesj\u00e4hrige Reaudit erfolgreich bestanden und best\u00e4tigt damit erneut seinen hohen Qualit\u00e4tsanspruch. Die&hellip;<\/p>\n\t\t\t\t\t\t\t\t\t\t\t\t\t\t\t\t\t\t\t\t\t\t                                                            <div class=\"btn-wraper\">\n                                    \n                                                                            <a class=\"elementskit-btn whitespace--normal\" id=\"\" href=\"https:\/\/forstcontrol.com\/it\/vertrauen-qualitaet-sicherheit-forstcontrol-erneut-dreifach-iso-zertifiziert\/\">\n                                        \t                                            Per saperne di pi\u00f9                                        <\/a>\n                                                                    <\/div>\n                                                    <\/div><!-- .elementskit-post-body END -->\n                    <\/div>\n                \n            <\/div>\n                    <div class=\"col-lg-4 col-md-6\">\n\n                                    <div class=\"elementskit-post-image-card\">\n                        <div class=\"elementskit-entry-header\">\n                                                            <a href=\"https:\/\/forstcontrol.com\/it\/software-3-0-zwischen-erfolg-und-kritik\/\" class=\"elementskit-entry-thumb\">\n                                    <img decoding=\"async\" src=\"https:\/\/forstcontrol.com\/wp-content\/uploads\/2025\/11\/Podcast-Header-1024x576.jpg\" alt=\"ForstControl 3.0 &#8211; zwischen Erfolg und Kritik\">\n                                <\/a><!-- .elementskit-entry-thumb END -->\n                                                            \n                            \n\t\t\t\t\t\t\t\t\t\t\t\t\t<\/div><!-- .elementskit-entry-header END -->\n\n\t\t\t\t\t\t<div class=\"elementskit-post-body\">\n\t\t\t\t\t\t\t\n\t\t\t\t\t\t\t\t\t\t\t\t\t\t\t\t\t\t\t\t\t\t\t\t\t\t\t\t\t\t\n\t\t\t\t\t\t\t\t\n\t\t\t\t\t\t\t\t\t\t\t\t\t\t\t\t\t\t\t\t\t<h2 class=\"entry-title\">\n\t\t\t\t\t<a href=\"https:\/\/forstcontrol.com\/it\/software-3-0-zwischen-erfolg-und-kritik\/\">\n\t\t\t\t\t\tForstControl 3.0 - tra successo e critica\t\t\t\t\t<\/a>\n\t\t\t\t<\/h2>\n\t\t\t\t\t\t\t\t\t\t\t\t\t\t\t\t\t\t\t\t\t\t\t\t\t\t\t\t\t\t\t\t\t\t\t\t\t\t\t\t\t\t<p>\ud83c\udf99\ufe0f \u201eSorry, aber wir digitalisieren grad den Wald.\u201c Willkommen bei der ehrlichsten Podcastfolge. Ich bin&hellip;<\/p>\n\t\t\t\t\t\t\t\t\t\t\t\t\t\t\t\t\t\t\t\t\t\t                                                            <div class=\"btn-wraper\">\n                                    \n                                                                            <a class=\"elementskit-btn whitespace--normal\" id=\"\" href=\"https:\/\/forstcontrol.com\/it\/software-3-0-zwischen-erfolg-und-kritik\/\">\n                                        \t                                            Per saperne di pi\u00f9                                        <\/a>\n                                                                    <\/div>\n                                                    <\/div><!-- .elementskit-post-body END -->\n                    <\/div>\n                \n            <\/div>\n                    <div class=\"col-lg-4 col-md-6\">\n\n                                    <div class=\"elementskit-post-image-card\">\n                        <div class=\"elementskit-entry-header\">\n                                                            <a href=\"https:\/\/forstcontrol.com\/it\/forstcontrol-3-0-das-groesste-update-unserer-geschichte-steht-bevor\/\" class=\"elementskit-entry-thumb\">\n                                    <img decoding=\"async\" src=\"https:\/\/forstcontrol.com\/wp-content\/uploads\/2025\/05\/ForstControl-Visuals-ADS-34-Serie-2-819x1024.jpg\" alt=\"ForstControl 3.0: Das gr\u00f6sste Update unserer Geschichte steht bevor\">\n                                <\/a><!-- .elementskit-entry-thumb END -->\n                                                            \n                            \n\t\t\t\t\t\t\t\t\t\t\t\t\t<\/div><!-- .elementskit-entry-header END -->\n\n\t\t\t\t\t\t<div class=\"elementskit-post-body\">\n\t\t\t\t\t\t\t\n\t\t\t\t\t\t\t\t\t\t\t\t\t\t\t\t\t\t\t\t\t\t\t\t\t\t\t\t\t\t\n\t\t\t\t\t\t\t\t\n\t\t\t\t\t\t\t\t\t\t\t\t\t\t\t\t\t\t\t\t\t<h2 class=\"entry-title\">\n\t\t\t\t\t<a href=\"https:\/\/forstcontrol.com\/it\/forstcontrol-3-0-das-groesste-update-unserer-geschichte-steht-bevor\/\">\n\t\t\t\t\t\tForstControl 3.0: il pi\u00f9 grande aggiornamento della nostra storia \u00e8 imminente\t\t\t\t\t<\/a>\n\t\t\t\t<\/h2>\n\t\t\t\t\t\t\t\t\t\t\t\t\t\t\t\t\t\t\t\t\t\t\t\t\t\t\t\t\t\t\t\t\t\t\t\t\t\t\t\t\t\t<p>Dopo un periodo di riposo, ForstControl annuncia il pi\u00f9 grande aggiornamento della sua storia: La versione...<\/p>\n\t\t\t\t\t\t\t\t\t\t\t\t\t\t\t\t\t\t\t\t\t\t                                                            <div class=\"btn-wraper\">\n                                    \n                                                                            <a class=\"elementskit-btn whitespace--normal\" id=\"\" href=\"https:\/\/forstcontrol.com\/it\/forstcontrol-3-0-das-groesste-update-unserer-geschichte-steht-bevor\/\">\n                                        \t                                            Per saperne di pi\u00f9                                        <\/a>\n                                                                    <\/div>\n                                                    <\/div><!-- .elementskit-post-body END -->\n                    <\/div>\n                \n            <\/div>\n                    <div class=\"col-lg-4 col-md-6\">\n\n                                    <div class=\"elementskit-post-image-card\">\n                        <div class=\"elementskit-entry-header\">\n                                                            <a href=\"https:\/\/forstcontrol.com\/it\/kuenstliche-intelligenz-steigert-effizienz-im-forstmanagement\/\" class=\"elementskit-entry-thumb\">\n                                    <img decoding=\"async\" src=\"https:\/\/forstcontrol.com\/wp-content\/uploads\/2025\/04\/Screenshot-2025-04-15-142301.jpg\" alt=\"K\u00fcnstliche Intelligenz steigert Effizienz im Forstmanagement\">\n                                <\/a><!-- .elementskit-entry-thumb END -->\n                                                            \n                            \n\t\t\t\t\t\t\t\t\t\t\t\t\t<\/div><!-- .elementskit-entry-header END -->\n\n\t\t\t\t\t\t<div class=\"elementskit-post-body\">\n\t\t\t\t\t\t\t\n\t\t\t\t\t\t\t\t\t\t\t\t\t\t\t\t\t\t\t\t\t\t\t\t\t\t\t\t\t\t\n\t\t\t\t\t\t\t\t\n\t\t\t\t\t\t\t\t\t\t\t\t\t\t\t\t\t\t\t\t\t<h2 class=\"entry-title\">\n\t\t\t\t\t<a href=\"https:\/\/forstcontrol.com\/it\/kuenstliche-intelligenz-steigert-effizienz-im-forstmanagement\/\">\n\t\t\t\t\t\tL'intelligenza artificiale aumenta l'efficienza della gestione forestale\t\t\t\t\t<\/a>\n\t\t\t\t<\/h2>\n\t\t\t\t\t\t\t\t\t\t\t\t\t\t\t\t\t\t\t\t\t\t\t\t\t\t\t\t\t\t\t\t\t\t\t\t\t\t\t\t\t\t<p>La crescente complessit\u00e0 delle attivit\u00e0 forestali richiede soluzioni intelligenti. ForstControl si basa sull'uso mirato di...<\/p>\n\t\t\t\t\t\t\t\t\t\t\t\t\t\t\t\t\t\t\t\t\t\t                                                            <div class=\"btn-wraper\">\n                                    \n                                                                            <a class=\"elementskit-btn whitespace--normal\" id=\"\" href=\"https:\/\/forstcontrol.com\/it\/kuenstliche-intelligenz-steigert-effizienz-im-forstmanagement\/\">\n                                        \t                                            Per saperne di pi\u00f9                                        <\/a>\n                                                                    <\/div>\n                                                    <\/div><!-- .elementskit-post-body END -->\n                    <\/div>\n                \n            <\/div>\n                    <div class=\"col-lg-4 col-md-6\">\n\n                                    <div class=\"elementskit-post-image-card\">\n                        <div class=\"elementskit-entry-header\">\n                                                            <a href=\"https:\/\/forstcontrol.com\/it\/zertifizierte-qualitaet-und-sicherheit-ein-meilenstein-fuer-forstcontrol\/\" class=\"elementskit-entry-thumb\">\n                                    <img decoding=\"async\" src=\"https:\/\/forstcontrol.com\/wp-content\/uploads\/2025\/04\/ISO-27001-768x765-1.jpg\" alt=\"Zertifizierte Qualit\u00e4t und Sicherheit: Ein Meilenstein f\u00fcr ForstControl\">\n                                <\/a><!-- .elementskit-entry-thumb END -->\n                                                            \n                            \n\t\t\t\t\t\t\t\t\t\t\t\t\t<\/div><!-- .elementskit-entry-header END -->\n\n\t\t\t\t\t\t<div class=\"elementskit-post-body\">\n\t\t\t\t\t\t\t\n\t\t\t\t\t\t\t\t\t\t\t\t\t\t\t\t\t\t\t\t\t\t\t\t\t\t\t\t\t\t\n\t\t\t\t\t\t\t\t\n\t\t\t\t\t\t\t\t\t\t\t\t\t\t\t\t\t\t\t\t\t<h2 class=\"entry-title\">\n\t\t\t\t\t<a href=\"https:\/\/forstcontrol.com\/it\/zertifizierte-qualitaet-und-sicherheit-ein-meilenstein-fuer-forstcontrol\/\">\n\t\t\t\t\t\tQualit\u00e0 e sicurezza certificate: una pietra miliare per ForstControl\t\t\t\t\t<\/a>\n\t\t\t\t<\/h2>\n\t\t\t\t\t\t\t\t\t\t\t\t\t\t\t\t\t\t\t\t\t\t\t\t\t\t\t\t\t\t\t\t\t\t\t\t\t\t\t\t\t\t<p>Forstcontrol ha ottenuto la certificazione ufficiale ISO 27001 e ISO 9001 dal dicembre 2024. Questo conferma...<\/p>\n\t\t\t\t\t\t\t\t\t\t\t\t\t\t\t\t\t\t\t\t\t\t                                                            <div class=\"btn-wraper\">\n                                    \n                                                                            <a class=\"elementskit-btn whitespace--normal\" id=\"\" href=\"https:\/\/forstcontrol.com\/it\/zertifizierte-qualitaet-und-sicherheit-ein-meilenstein-fuer-forstcontrol\/\">\n                                        \t                                            Per saperne di pi\u00f9                                        <\/a>\n                                                                    <\/div>\n                                                    <\/div><!-- .elementskit-post-body END -->\n                    <\/div>\n                \n            <\/div>\n                    <div class=\"col-lg-4 col-md-6\">\n\n                                    <div class=\"elementskit-post-image-card\">\n                        <div class=\"elementskit-entry-header\">\n                                                            <a href=\"https:\/\/forstcontrol.com\/it\/verstaerkung-fuer-innovation-und-wachstum-fabienne-oberholzer-neu-im-forstcontrol-team\/\" class=\"elementskit-entry-thumb\">\n                                    <img decoding=\"async\" src=\"https:\/\/forstcontrol.com\/wp-content\/uploads\/2025\/04\/20240709_1531400-768x478-1.jpg\" alt=\"Verst\u00e4rkung f\u00fcr Innovation und Wachstum: Fabienne Oberholzer neu im ForstControl-Team\">\n                                <\/a><!-- .elementskit-entry-thumb END -->\n                                                            \n                            \n\t\t\t\t\t\t\t\t\t\t\t\t\t<\/div><!-- .elementskit-entry-header END -->\n\n\t\t\t\t\t\t<div class=\"elementskit-post-body\">\n\t\t\t\t\t\t\t\n\t\t\t\t\t\t\t\t\t\t\t\t\t\t\t\t\t\t\t\t\t\t\t\t\t\t\t\t\t\t\n\t\t\t\t\t\t\t\t\n\t\t\t\t\t\t\t\t\t\t\t\t\t\t\t\t\t\t\t\t\t<h2 class=\"entry-title\">\n\t\t\t\t\t<a href=\"https:\/\/forstcontrol.com\/it\/verstaerkung-fuer-innovation-und-wachstum-fabienne-oberholzer-neu-im-forstcontrol-team\/\">\n\t\t\t\t\t\tRinforzo per l'innovazione e la crescita: Fabienne Oberholzer si unisce al team di ForstControl\t\t\t\t\t<\/a>\n\t\t\t\t<\/h2>\n\t\t\t\t\t\t\t\t\t\t\t\t\t\t\t\t\t\t\t\t\t\t\t\t\t\t\t\t\t\t\t\t\t\t\t\t\t\t\t\t\t\t<p>Dal 1\u00b0 luglio 2024, Fabienne Oberholzer entra a far parte del team di ForstControl nel settore...<\/p>\n\t\t\t\t\t\t\t\t\t\t\t\t\t\t\t\t\t\t\t\t\t\t                                                            <div class=\"btn-wraper\">\n                                    \n                                                                            <a class=\"elementskit-btn whitespace--normal\" id=\"\" href=\"https:\/\/forstcontrol.com\/it\/verstaerkung-fuer-innovation-und-wachstum-fabienne-oberholzer-neu-im-forstcontrol-team\/\">\n                                        \t                                            Per saperne di pi\u00f9                                        <\/a>\n                                                                    <\/div>\n                                                    <\/div><!-- .elementskit-post-body END -->\n                    <\/div>\n                \n            <\/div>\n                    <div class=\"col-lg-4 col-md-6\">\n\n                                    <div class=\"elementskit-post-image-card\">\n                        <div class=\"elementskit-entry-header\">\n                                                            <a href=\"https:\/\/forstcontrol.com\/it\/forstcontrol-gewinnt-200-neue-investorinnen-und-investoren-fast-1-million-franken-fuer-die-zukunft\/\" class=\"elementskit-entry-thumb\">\n                                    <img decoding=\"async\" src=\"https:\/\/forstcontrol.com\/wp-content\/uploads\/2025\/04\/David-Henzmann-ForstControl-768x853-1.jpeg\" alt=\"ForstControl gewinnt 200 neue Investorinnen und Investoren \u2013 fast 1 Million Franken f\u00fcr die Zukunft\">\n                                <\/a><!-- .elementskit-entry-thumb END -->\n                                                            \n                            \n\t\t\t\t\t\t\t\t\t\t\t\t\t<\/div><!-- .elementskit-entry-header END -->\n\n\t\t\t\t\t\t<div class=\"elementskit-post-body\">\n\t\t\t\t\t\t\t\n\t\t\t\t\t\t\t\t\t\t\t\t\t\t\t\t\t\t\t\t\t\t\t\t\t\t\t\t\t\t\n\t\t\t\t\t\t\t\t\n\t\t\t\t\t\t\t\t\t\t\t\t\t\t\t\t\t\t\t\t\t<h2 class=\"entry-title\">\n\t\t\t\t\t<a href=\"https:\/\/forstcontrol.com\/it\/forstcontrol-gewinnt-200-neue-investorinnen-und-investoren-fast-1-million-franken-fuer-die-zukunft\/\">\n\t\t\t\t\t\tForstControl conquista 200 nuovi investitori - quasi 1 milione di franchi per il futuro\t\t\t\t\t<\/a>\n\t\t\t\t<\/h2>\n\t\t\t\t\t\t\t\t\t\t\t\t\t\t\t\t\t\t\t\t\t\t\t\t\t\t\t\t\t\t\t\t\t\t\t\t\t\t\t\t\t\t<p>ForstControl continua a crescere: la scorsa settimana \u00e8 stato ufficialmente firmato l'aumento di capitale con il notaio....<\/p>\n\t\t\t\t\t\t\t\t\t\t\t\t\t\t\t\t\t\t\t\t\t\t                                                            <div class=\"btn-wraper\">\n                                    \n                                                                            <a class=\"elementskit-btn whitespace--normal\" id=\"\" href=\"https:\/\/forstcontrol.com\/it\/forstcontrol-gewinnt-200-neue-investorinnen-und-investoren-fast-1-million-franken-fuer-die-zukunft\/\">\n                                        \t                                            Per saperne di pi\u00f9                                        <\/a>\n                                                                    <\/div>\n                                                    <\/div><!-- .elementskit-post-body END -->\n                    <\/div>\n                \n            <\/div>\n                    <div class=\"col-lg-4 col-md-6\">\n\n                                    <div class=\"elementskit-post-image-card\">\n                        <div class=\"elementskit-entry-header\">\n                                                            <a href=\"https:\/\/forstcontrol.com\/it\/fast-300000-chf-fuer-forstcontrol-ein-starkes-signal-aus-der-community\/\" class=\"elementskit-entry-thumb\">\n                                    <img decoding=\"async\" src=\"https:\/\/forstcontrol.com\/wp-content\/uploads\/2025\/04\/Investment-ForstControl-768x499-1.jpeg\" alt=\"Fast 300\u2019000 CHF f\u00fcr ForstControl \u2013 Ein starkes Signal aus der Community\">\n                                <\/a><!-- .elementskit-entry-thumb END -->\n                                                            \n                            \n\t\t\t\t\t\t\t\t\t\t\t\t\t<\/div><!-- .elementskit-entry-header END -->\n\n\t\t\t\t\t\t<div class=\"elementskit-post-body\">\n\t\t\t\t\t\t\t\n\t\t\t\t\t\t\t\t\t\t\t\t\t\t\t\t\t\t\t\t\t\t\t\t\t\t\t\t\t\t\n\t\t\t\t\t\t\t\t\n\t\t\t\t\t\t\t\t\t\t\t\t\t\t\t\t\t\t\t\t\t<h2 class=\"entry-title\">\n\t\t\t\t\t<a href=\"https:\/\/forstcontrol.com\/it\/fast-300000-chf-fuer-forstcontrol-ein-starkes-signal-aus-der-community\/\">\n\t\t\t\t\t\tQuasi 300.000 franchi per ForstControl: un segnale forte dalla comunit\u00e0\t\t\t\t\t<\/a>\n\t\t\t\t<\/h2>\n\t\t\t\t\t\t\t\t\t\t\t\t\t\t\t\t\t\t\t\t\t\t\t\t\t\t\t\t\t\t\t\t\t\t\t\t\t\t\t\t\t\t<p>La campagna Crowdinvest di ForstControl \u00e8 stata un vero successo: in soli tre mesi, quasi 300.000...<\/p>\n\t\t\t\t\t\t\t\t\t\t\t\t\t\t\t\t\t\t\t\t\t\t                                                            <div class=\"btn-wraper\">\n                                    \n                                                                            <a class=\"elementskit-btn whitespace--normal\" id=\"\" href=\"https:\/\/forstcontrol.com\/it\/fast-300000-chf-fuer-forstcontrol-ein-starkes-signal-aus-der-community\/\">\n                                        \t                                            Per saperne di pi\u00f9                                        <\/a>\n                                                                    <\/div>\n                                                    <\/div><!-- .elementskit-post-body END -->\n                    <\/div>\n                \n            <\/div>\n                    <div class=\"col-lg-4 col-md-6\">\n\n                                    <div class=\"elementskit-post-image-card\">\n                        <div class=\"elementskit-entry-header\">\n                                                            <a href=\"https:\/\/forstcontrol.com\/it\/forstcontrol-auf-wachstumskurs-vom-startup-zur-marktfuehrerin\/\" class=\"elementskit-entry-thumb\">\n                                    <img decoding=\"async\" src=\"https:\/\/forstcontrol.com\/wp-content\/uploads\/2025\/04\/Aargauer-Zeitung-David-Henzmann.jpg\" alt=\"ForstControl auf Wachstumskurs: Vom Startup zur Marktf\u00fchrerin\">\n                                <\/a><!-- .elementskit-entry-thumb END -->\n                                                            \n                            \n\t\t\t\t\t\t\t\t\t\t\t\t\t<\/div><!-- .elementskit-entry-header END -->\n\n\t\t\t\t\t\t<div class=\"elementskit-post-body\">\n\t\t\t\t\t\t\t\n\t\t\t\t\t\t\t\t\t\t\t\t\t\t\t\t\t\t\t\t\t\t\t\t\t\t\t\t\t\t\n\t\t\t\t\t\t\t\t\n\t\t\t\t\t\t\t\t\t\t\t\t\t\t\t\t\t\t\t\t\t<h2 class=\"entry-title\">\n\t\t\t\t\t<a href=\"https:\/\/forstcontrol.com\/it\/forstcontrol-auf-wachstumskurs-vom-startup-zur-marktfuehrerin\/\">\n\t\t\t\t\t\tForstControl in crescita: da start-up a leader di mercato\t\t\t\t\t<\/a>\n\t\t\t\t<\/h2>\n\t\t\t\t\t\t\t\t\t\t\t\t\t\t\t\t\t\t\t\t\t\t\t\t\t\t\t\t\t\t\t\t\t\t\t\t\t\t\t\t\t\t<p>Con ForstControl, David Henzmann ha dato una svolta decisiva alla trasformazione digitale dell'industria forestale svizzera. In pochi...<\/p>\n\t\t\t\t\t\t\t\t\t\t\t\t\t\t\t\t\t\t\t\t\t\t                                                            <div class=\"btn-wraper\">\n                                    \n                                                                            <a class=\"elementskit-btn whitespace--normal\" id=\"\" href=\"https:\/\/forstcontrol.com\/it\/forstcontrol-auf-wachstumskurs-vom-startup-zur-marktfuehrerin\/\">\n                                        \t                                            Per saperne di pi\u00f9                                        <\/a>\n                                                                    <\/div>\n                                                    <\/div><!-- .elementskit-post-body END -->\n                    <\/div>\n                \n            <\/div>\n                    <div class=\"col-lg-4 col-md-6\">\n\n                                    <div class=\"elementskit-post-image-card\">\n                        <div class=\"elementskit-entry-header\">\n                                                            <a href=\"https:\/\/forstcontrol.com\/it\/automatisierter-datentransfer-forstcontrol-integriert-wahlers-cloud\/\" class=\"elementskit-entry-thumb\">\n                                    <img decoding=\"async\" src=\"https:\/\/forstcontrol.com\/wp-content\/uploads\/2025\/04\/Wahlers-ForstControl.jpg\" alt=\"Automatisierter Datentransfer: ForstControl integriert Wahlers-Cloud\">\n                                <\/a><!-- .elementskit-entry-thumb END -->\n                                                            \n                            \n\t\t\t\t\t\t\t\t\t\t\t\t\t<\/div><!-- .elementskit-entry-header END -->\n\n\t\t\t\t\t\t<div class=\"elementskit-post-body\">\n\t\t\t\t\t\t\t\n\t\t\t\t\t\t\t\t\t\t\t\t\t\t\t\t\t\t\t\t\t\t\t\t\t\t\t\t\t\t\n\t\t\t\t\t\t\t\t\n\t\t\t\t\t\t\t\t\t\t\t\t\t\t\t\t\t\t\t\t\t<h2 class=\"entry-title\">\n\t\t\t\t\t<a href=\"https:\/\/forstcontrol.com\/it\/automatisierter-datentransfer-forstcontrol-integriert-wahlers-cloud\/\">\n\t\t\t\t\t\tTrasferimento automatico dei dati: ForstControl integra Wahlers Cloud\t\t\t\t\t<\/a>\n\t\t\t\t<\/h2>\n\t\t\t\t\t\t\t\t\t\t\t\t\t\t\t\t\t\t\t\t\t\t\t\t\t\t\t\t\t\t\t\t\t\t\t\t\t\t\t\t\t\t<p>Sempre pi\u00f9 aziende forestali si affidano a ForstControl per gestire in modo efficiente le proprie macchine. Con l'aumento...<\/p>\n\t\t\t\t\t\t\t\t\t\t\t\t\t\t\t\t\t\t\t\t\t\t                                                            <div class=\"btn-wraper\">\n                                    \n                                                                            <a class=\"elementskit-btn whitespace--normal\" id=\"\" href=\"https:\/\/forstcontrol.com\/it\/automatisierter-datentransfer-forstcontrol-integriert-wahlers-cloud\/\">\n                                        \t                                            Per saperne di pi\u00f9                                        <\/a>\n                                                                    <\/div>\n                                                    <\/div><!-- .elementskit-post-body END -->\n                    <\/div>\n                \n            <\/div>\n                    <div class=\"col-lg-4 col-md-6\">\n\n                                    <div class=\"elementskit-post-image-card\">\n                        <div class=\"elementskit-entry-header\">\n                                                            <a href=\"https:\/\/forstcontrol.com\/it\/ein-starkes-zeichen-des-vertrauens-forstcontrol-zaehlt-bald-100-investoren\/\" class=\"elementskit-entry-thumb\">\n                                    <img decoding=\"async\" src=\"https:\/\/forstcontrol.com\/wp-content\/uploads\/2025\/04\/Crowdinvest-768x420-1.jpg\" alt=\"Ein starkes Zeichen des Vertrauens: ForstControl z\u00e4hlt bald 100 Investoren\">\n                                <\/a><!-- .elementskit-entry-thumb END -->\n                                                            \n                            \n\t\t\t\t\t\t\t\t\t\t\t\t\t<\/div><!-- .elementskit-entry-header END -->\n\n\t\t\t\t\t\t<div class=\"elementskit-post-body\">\n\t\t\t\t\t\t\t\n\t\t\t\t\t\t\t\t\t\t\t\t\t\t\t\t\t\t\t\t\t\t\t\t\t\t\t\t\t\t\n\t\t\t\t\t\t\t\t\n\t\t\t\t\t\t\t\t\t\t\t\t\t\t\t\t\t\t\t\t\t<h2 class=\"entry-title\">\n\t\t\t\t\t<a href=\"https:\/\/forstcontrol.com\/it\/ein-starkes-zeichen-des-vertrauens-forstcontrol-zaehlt-bald-100-investoren\/\">\n\t\t\t\t\t\tUn forte segnale di fiducia: ForstControl avr\u00e0 presto 100 investitori\t\t\t\t\t<\/a>\n\t\t\t\t<\/h2>\n\t\t\t\t\t\t\t\t\t\t\t\t\t\t\t\t\t\t\t\t\t\t\t\t\t\t\t\t\t\t\t\t\t\t\t\t\t\t\t\t\t\t<p>ForstControl ha raggiunto un importante traguardo: la soglia di finanziamento \u00e8 stata superata e presto conteremo 100...<\/p>\n\t\t\t\t\t\t\t\t\t\t\t\t\t\t\t\t\t\t\t\t\t\t                                                            <div class=\"btn-wraper\">\n                                    \n                                                                            <a class=\"elementskit-btn whitespace--normal\" id=\"\" href=\"https:\/\/forstcontrol.com\/it\/ein-starkes-zeichen-des-vertrauens-forstcontrol-zaehlt-bald-100-investoren\/\">\n                                        \t                                            Per saperne di pi\u00f9                                        <\/a>\n                                                                    <\/div>\n                                                    <\/div><!-- .elementskit-post-body END -->\n                    <\/div>\n                \n            <\/div>\n                    <div class=\"col-lg-4 col-md-6\">\n\n                                    <div class=\"elementskit-post-image-card\">\n                        <div class=\"elementskit-entry-header\">\n                                                            <a href=\"https:\/\/forstcontrol.com\/it\/forstcontrol-setzt-starke-akzente-und-begeistert-mit-innovation\/\" class=\"elementskit-entry-thumb\">\n                                    <img decoding=\"async\" src=\"https:\/\/forstcontrol.com\/wp-content\/uploads\/2025\/04\/MicrosoftTeams-image-768x364-1.jpg\" alt=\"ForstControl setzt starke Akzente und begeistert mit Innovation\">\n                                <\/a><!-- .elementskit-entry-thumb END -->\n                                                            \n                            \n\t\t\t\t\t\t\t\t\t\t\t\t\t<\/div><!-- .elementskit-entry-header END -->\n\n\t\t\t\t\t\t<div class=\"elementskit-post-body\">\n\t\t\t\t\t\t\t\n\t\t\t\t\t\t\t\t\t\t\t\t\t\t\t\t\t\t\t\t\t\t\t\t\t\t\t\t\t\t\n\t\t\t\t\t\t\t\t\n\t\t\t\t\t\t\t\t\t\t\t\t\t\t\t\t\t\t\t\t\t<h2 class=\"entry-title\">\n\t\t\t\t\t<a href=\"https:\/\/forstcontrol.com\/it\/forstcontrol-setzt-starke-akzente-und-begeistert-mit-innovation\/\">\n\t\t\t\t\t\tForstControl pone accenti forti e ispira con l'innovazione\t\t\t\t\t<\/a>\n\t\t\t\t<\/h2>\n\t\t\t\t\t\t\t\t\t\t\t\t\t\t\t\t\t\t\t\t\t\t\t\t\t\t\t\t\t\t\t\t\t\t\t\t\t\t\t\t\t\t<p>Con un'accattivante partecipazione alla Fiera forestale di Lucerna dal 24 al 27 agosto, ForstControl...<\/p>\n\t\t\t\t\t\t\t\t\t\t\t\t\t\t\t\t\t\t\t\t\t\t                                                            <div class=\"btn-wraper\">\n                                    \n                                                                            <a class=\"elementskit-btn whitespace--normal\" id=\"\" href=\"https:\/\/forstcontrol.com\/it\/forstcontrol-setzt-starke-akzente-und-begeistert-mit-innovation\/\">\n                                        \t                                            Per saperne di pi\u00f9                                        <\/a>\n                                                                    <\/div>\n                                                    <\/div><!-- .elementskit-post-body END -->\n                    <\/div>\n                \n            <\/div>\n                    <div class=\"col-lg-4 col-md-6\">\n\n                                    <div class=\"elementskit-post-image-card\">\n                        <div class=\"elementskit-entry-header\">\n                                                            <a href=\"https:\/\/forstcontrol.com\/it\/tiktok-und-bereits-ueber-23000-follower\/\" class=\"elementskit-entry-thumb\">\n                                    <img decoding=\"async\" src=\"https:\/\/forstcontrol.com\/wp-content\/uploads\/2025\/04\/Tiktok-ForstControl-768x439-1.jpg\" alt=\"TikTok \u2013 und bereits \u00fcber 23\u2019000 Follower\">\n                                <\/a><!-- .elementskit-entry-thumb END -->\n                                                            \n                            \n\t\t\t\t\t\t\t\t\t\t\t\t\t<\/div><!-- .elementskit-entry-header END -->\n\n\t\t\t\t\t\t<div class=\"elementskit-post-body\">\n\t\t\t\t\t\t\t\n\t\t\t\t\t\t\t\t\t\t\t\t\t\t\t\t\t\t\t\t\t\t\t\t\t\t\t\t\t\t\n\t\t\t\t\t\t\t\t\n\t\t\t\t\t\t\t\t\t\t\t\t\t\t\t\t\t\t\t\t\t<h2 class=\"entry-title\">\n\t\t\t\t\t<a href=\"https:\/\/forstcontrol.com\/it\/tiktok-und-bereits-ueber-23000-follower\/\">\n\t\t\t\t\t\tTikTok - e gi\u00e0 oltre 23.000 follower\t\t\t\t\t<\/a>\n\t\t\t\t<\/h2>\n\t\t\t\t\t\t\t\t\t\t\t\t\t\t\t\t\t\t\t\t\t\t\t\t\t\t\t\t\t\t\t\t\t\t\t\t\t\t\t\t\t\t<p>ForstControl \u00e8 presente su TikTok dall'inizio dell'anno, con notevole successo. In pochi mesi...<\/p>\n\t\t\t\t\t\t\t\t\t\t\t\t\t\t\t\t\t\t\t\t\t\t                                                            <div class=\"btn-wraper\">\n                                    \n                                                                            <a class=\"elementskit-btn whitespace--normal\" id=\"\" href=\"https:\/\/forstcontrol.com\/it\/tiktok-und-bereits-ueber-23000-follower\/\">\n                                        \t                                            Per saperne di pi\u00f9                                        <\/a>\n                                                                    <\/div>\n                                                    <\/div><!-- .elementskit-post-body END -->\n                    <\/div>\n                \n            <\/div>\n                    <div class=\"col-lg-4 col-md-6\">\n\n                                    <div class=\"elementskit-post-image-card\">\n                        <div class=\"elementskit-entry-header\">\n                                                            <a href=\"https:\/\/forstcontrol.com\/it\/wochenplanung-neu-gedacht-effizient-mobil-und-ressourcenschonend\/\" class=\"elementskit-entry-thumb\">\n                                    <img decoding=\"async\" src=\"https:\/\/forstcontrol.com\/wp-content\/uploads\/2025\/04\/Wochenplanung-ForstControl-768x350-1.jpg\" alt=\"Wochenplanung neu gedacht: Effizient, mobil und ressourcenschonend\">\n                                <\/a><!-- .elementskit-entry-thumb END -->\n                                                            \n                            \n\t\t\t\t\t\t\t\t\t\t\t\t\t<\/div><!-- .elementskit-entry-header END -->\n\n\t\t\t\t\t\t<div class=\"elementskit-post-body\">\n\t\t\t\t\t\t\t\n\t\t\t\t\t\t\t\t\t\t\t\t\t\t\t\t\t\t\t\t\t\t\t\t\t\t\t\t\t\t\n\t\t\t\t\t\t\t\t\n\t\t\t\t\t\t\t\t\t\t\t\t\t\t\t\t\t\t\t\t\t<h2 class=\"entry-title\">\n\t\t\t\t\t<a href=\"https:\/\/forstcontrol.com\/it\/wochenplanung-neu-gedacht-effizient-mobil-und-ressourcenschonend\/\">\n\t\t\t\t\t\tRipensare la pianificazione settimanale: efficiente, mobile e con risparmio di risorse\t\t\t\t\t<\/a>\n\t\t\t\t<\/h2>\n\t\t\t\t\t\t\t\t\t\t\t\t\t\t\t\t\t\t\t\t\t\t\t\t\t\t\t\t\t\t\t\t\t\t\t\t\t\t\t\t\t\t<p>Il nuovo strumento di pianificazione settimanale \u00e8 online e porta una ventata di aria fresca nella pianificazione operativa...<\/p>\n\t\t\t\t\t\t\t\t\t\t\t\t\t\t\t\t\t\t\t\t\t\t                                                            <div class=\"btn-wraper\">\n                                    \n                                                                            <a class=\"elementskit-btn whitespace--normal\" id=\"\" href=\"https:\/\/forstcontrol.com\/it\/wochenplanung-neu-gedacht-effizient-mobil-und-ressourcenschonend\/\">\n                                        \t                                            Per saperne di pi\u00f9                                        <\/a>\n                                                                    <\/div>\n                                                    <\/div><!-- .elementskit-post-body END -->\n                    <\/div>\n                \n            <\/div>\n                    <div class=\"col-lg-4 col-md-6\">\n\n                                    <div class=\"elementskit-post-image-card\">\n                        <div class=\"elementskit-entry-header\">\n                                                            <a href=\"https:\/\/forstcontrol.com\/it\/warum-fomea-jetzt-digital-aufruestet\/\" class=\"elementskit-entry-thumb\">\n                                    <img decoding=\"async\" src=\"https:\/\/forstcontrol.com\/wp-content\/uploads\/2025\/04\/David-Henzmann_FOMEA_Urs-Giger-768x363-1.jpeg\" alt=\"Warum FOMEA jetzt digital aufr\u00fcstet\">\n                                <\/a><!-- .elementskit-entry-thumb END -->\n                                                            \n                            \n\t\t\t\t\t\t\t\t\t\t\t\t\t<\/div><!-- .elementskit-entry-header END -->\n\n\t\t\t\t\t\t<div class=\"elementskit-post-body\">\n\t\t\t\t\t\t\t\n\t\t\t\t\t\t\t\t\t\t\t\t\t\t\t\t\t\t\t\t\t\t\t\t\t\t\t\t\t\t\n\t\t\t\t\t\t\t\t\n\t\t\t\t\t\t\t\t\t\t\t\t\t\t\t\t\t\t\t\t\t<h2 class=\"entry-title\">\n\t\t\t\t\t<a href=\"https:\/\/forstcontrol.com\/it\/warum-fomea-jetzt-digital-aufruestet\/\">\n\t\t\t\t\t\tPerch\u00e9 la FOMEA si sta aggiornando in modo digitale\t\t\t\t\t<\/a>\n\t\t\t\t<\/h2>\n\t\t\t\t\t\t\t\t\t\t\t\t\t\t\t\t\t\t\t\t\t\t\t\t\t\t\t\t\t\t\t\t\t\t\t\t\t\t\t\t\t\t<p>La vendita di FOMEA AG a David Henzmann, proprietario di ForstControl, segna l'inizio di una nuova...<\/p>\n\t\t\t\t\t\t\t\t\t\t\t\t\t\t\t\t\t\t\t\t\t\t                                                            <div class=\"btn-wraper\">\n                                    \n                                                                            <a class=\"elementskit-btn whitespace--normal\" id=\"\" href=\"https:\/\/forstcontrol.com\/it\/warum-fomea-jetzt-digital-aufruestet\/\">\n                                        \t                                            Per saperne di pi\u00f9                                        <\/a>\n                                                                    <\/div>\n                                                    <\/div><!-- .elementskit-post-body END -->\n                    <\/div>\n                \n            <\/div>\n                    <div class=\"col-lg-4 col-md-6\">\n\n                                    <div class=\"elementskit-post-image-card\">\n                        <div class=\"elementskit-entry-header\">\n                                                            <a href=\"https:\/\/forstcontrol.com\/it\/neue-fuehrungsstruktur-bei-forstcontrol-kompetenz-trifft-vision\/\" class=\"elementskit-entry-thumb\">\n                                    <img decoding=\"async\" src=\"https:\/\/forstcontrol.com\/wp-content\/uploads\/2025\/04\/Verwaltungsrat-siabit-AG_David-Henzmann-768x492-1.jpg\" alt=\"Neue F\u00fchrungsstruktur bei ForstControl \u2013 Kompetenz trifft Vision\">\n                                <\/a><!-- .elementskit-entry-thumb END -->\n                                                            \n                            \n\t\t\t\t\t\t\t\t\t\t\t\t\t<\/div><!-- .elementskit-entry-header END -->\n\n\t\t\t\t\t\t<div class=\"elementskit-post-body\">\n\t\t\t\t\t\t\t\n\t\t\t\t\t\t\t\t\t\t\t\t\t\t\t\t\t\t\t\t\t\t\t\t\t\t\t\t\t\t\n\t\t\t\t\t\t\t\t\n\t\t\t\t\t\t\t\t\t\t\t\t\t\t\t\t\t\t\t\t\t<h2 class=\"entry-title\">\n\t\t\t\t\t<a href=\"https:\/\/forstcontrol.com\/it\/neue-fuehrungsstruktur-bei-forstcontrol-kompetenz-trifft-vision\/\">\n\t\t\t\t\t\tNuova struttura dirigenziale di ForstControl - La competenza incontra la visione\t\t\t\t\t<\/a>\n\t\t\t\t<\/h2>\n\t\t\t\t\t\t\t\t\t\t\t\t\t\t\t\t\t\t\t\t\t\t\t\t\t\t\t\t\t\t\t\t\t\t\t\t\t\t\t\t\t\t<p>ForstControl lancia un chiaro segnale con la sua nuova gestione strategica: L'azienda vuole crescere, diventare pi\u00f9 innovativa e...<\/p>\n\t\t\t\t\t\t\t\t\t\t\t\t\t\t\t\t\t\t\t\t\t\t                                                            <div class=\"btn-wraper\">\n                                    \n                                                                            <a class=\"elementskit-btn whitespace--normal\" id=\"\" href=\"https:\/\/forstcontrol.com\/it\/neue-fuehrungsstruktur-bei-forstcontrol-kompetenz-trifft-vision\/\">\n                                        \t                                            Per saperne di pi\u00f9                                        <\/a>\n                                                                    <\/div>\n                                                    <\/div><!-- .elementskit-post-body END -->\n                    <\/div>\n                \n            <\/div>\n                    <div class=\"col-lg-4 col-md-6\">\n\n                                    <div class=\"elementskit-post-image-card\">\n                        <div class=\"elementskit-entry-header\">\n                                                            <a href=\"https:\/\/forstcontrol.com\/it\/diogo-setzt-auf-transparenz-und-technologie\/\" class=\"elementskit-entry-thumb\">\n                                    <img decoding=\"async\" src=\"https:\/\/forstcontrol.com\/wp-content\/uploads\/2025\/04\/DSC_1502-768x512-1.jpg\" alt=\"Diogo setzt auf Transparenz und Technologie\">\n                                <\/a><!-- .elementskit-entry-thumb END -->\n                                                            \n                            \n\t\t\t\t\t\t\t\t\t\t\t\t\t<\/div><!-- .elementskit-entry-header END -->\n\n\t\t\t\t\t\t<div class=\"elementskit-post-body\">\n\t\t\t\t\t\t\t\n\t\t\t\t\t\t\t\t\t\t\t\t\t\t\t\t\t\t\t\t\t\t\t\t\t\t\t\t\t\t\n\t\t\t\t\t\t\t\t\n\t\t\t\t\t\t\t\t\t\t\t\t\t\t\t\t\t\t\t\t\t<h2 class=\"entry-title\">\n\t\t\t\t\t<a href=\"https:\/\/forstcontrol.com\/it\/diogo-setzt-auf-transparenz-und-technologie\/\">\n\t\t\t\t\t\tDiogo punta su trasparenza e tecnologia\t\t\t\t\t<\/a>\n\t\t\t\t<\/h2>\n\t\t\t\t\t\t\t\t\t\t\t\t\t\t\t\t\t\t\t\t\t\t\t\t\t\t\t\t\t\t\t\t\t\t\t\t\t\t\t\t\t\t<p>Diogo, 22 anni, ha completato con successo il suo apprendistato come sviluppatore di applicazioni EFZ con un diploma di maturit\u00e0 professionale nel 2021....<\/p>\n\t\t\t\t\t\t\t\t\t\t\t\t\t\t\t\t\t\t\t\t\t\t                                                            <div class=\"btn-wraper\">\n                                    \n                                                                            <a class=\"elementskit-btn whitespace--normal\" id=\"\" href=\"https:\/\/forstcontrol.com\/it\/diogo-setzt-auf-transparenz-und-technologie\/\">\n                                        \t                                            Per saperne di pi\u00f9                                        <\/a>\n                                                                    <\/div>\n                                                    <\/div><!-- .elementskit-post-body END -->\n                    <\/div>\n                \n            <\/div>\n                    <div class=\"col-lg-4 col-md-6\">\n\n                                    <div class=\"elementskit-post-image-card\">\n                        <div class=\"elementskit-entry-header\">\n                                                            <a href=\"https:\/\/forstcontrol.com\/it\/siabti-ag-sichert-sich-halbe-million-kapital\/\" class=\"elementskit-entry-thumb\">\n                                    <img decoding=\"async\" src=\"https:\/\/forstcontrol.com\/wp-content\/uploads\/2025\/04\/Invesmtent-ForstControl-768x512-1.jpg\" alt=\"siabti AG sichert sich halbe Million Kapital\">\n                                <\/a><!-- .elementskit-entry-thumb END -->\n                                                            \n                            \n\t\t\t\t\t\t\t\t\t\t\t\t\t<\/div><!-- .elementskit-entry-header END -->\n\n\t\t\t\t\t\t<div class=\"elementskit-post-body\">\n\t\t\t\t\t\t\t\n\t\t\t\t\t\t\t\t\t\t\t\t\t\t\t\t\t\t\t\t\t\t\t\t\t\t\t\t\t\t\n\t\t\t\t\t\t\t\t\n\t\t\t\t\t\t\t\t\t\t\t\t\t\t\t\t\t\t\t\t\t<h2 class=\"entry-title\">\n\t\t\t\t\t<a href=\"https:\/\/forstcontrol.com\/it\/siabti-ag-sichert-sich-halbe-million-kapital\/\">\n\t\t\t\t\t\tsiabti AG ottiene mezzo milione di capitale\t\t\t\t\t<\/a>\n\t\t\t\t<\/h2>\n\t\t\t\t\t\t\t\t\t\t\t\t\t\t\t\t\t\t\t\t\t\t\t\t\t\t\t\t\t\t\t\t\t\t\t\t\t\t\t\t\t\t<p>siabti AG ha acquisito con successo i suoi primi investitori: un passo importante sulla strada...<\/p>\n\t\t\t\t\t\t\t\t\t\t\t\t\t\t\t\t\t\t\t\t\t\t                                                            <div class=\"btn-wraper\">\n                                    \n                                                                            <a class=\"elementskit-btn whitespace--normal\" id=\"\" href=\"https:\/\/forstcontrol.com\/it\/siabti-ag-sichert-sich-halbe-million-kapital\/\">\n                                        \t                                            Per saperne di pi\u00f9                                        <\/a>\n                                                                    <\/div>\n                                                    <\/div><!-- .elementskit-post-body END -->\n                    <\/div>\n                \n            <\/div>\n                    <div class=\"col-lg-4 col-md-6\">\n\n                                    <div class=\"elementskit-post-image-card\">\n                        <div class=\"elementskit-entry-header\">\n                                                            <a href=\"https:\/\/forstcontrol.com\/it\/wie-forstcontrol-foerster-von-morgen-ausbildet\/\" class=\"elementskit-entry-thumb\">\n                                    <img decoding=\"async\" src=\"https:\/\/forstcontrol.com\/wp-content\/uploads\/2025\/04\/mainthumbnail-768x432-1.jpg\" alt=\"Wie ForstControl F\u00f6rster von morgen ausbildet\">\n                                <\/a><!-- .elementskit-entry-thumb END -->\n                                                            \n                            \n\t\t\t\t\t\t\t\t\t\t\t\t\t<\/div><!-- .elementskit-entry-header END -->\n\n\t\t\t\t\t\t<div class=\"elementskit-post-body\">\n\t\t\t\t\t\t\t\n\t\t\t\t\t\t\t\t\t\t\t\t\t\t\t\t\t\t\t\t\t\t\t\t\t\t\t\t\t\t\n\t\t\t\t\t\t\t\t\n\t\t\t\t\t\t\t\t\t\t\t\t\t\t\t\t\t\t\t\t\t<h2 class=\"entry-title\">\n\t\t\t\t\t<a href=\"https:\/\/forstcontrol.com\/it\/wie-forstcontrol-foerster-von-morgen-ausbildet\/\">\n\t\t\t\t\t\tCome ForstControl forma i forestali di domani\t\t\t\t\t<\/a>\n\t\t\t\t<\/h2>\n\t\t\t\t\t\t\t\t\t\t\t\t\t\t\t\t\t\t\t\t\t\t\t\t\t\t\t\t\t\t\t\t\t\t\t\t\t\t\t\t\t\t<p>La formazione dei futuri forestali oggi richiede pi\u00f9 di una semplice comprensione dell'ecologia e della tecnologia...<\/p>\n\t\t\t\t\t\t\t\t\t\t\t\t\t\t\t\t\t\t\t\t\t\t                                                            <div class=\"btn-wraper\">\n                                    \n                                                                            <a class=\"elementskit-btn whitespace--normal\" id=\"\" href=\"https:\/\/forstcontrol.com\/it\/wie-forstcontrol-foerster-von-morgen-ausbildet\/\">\n                                        \t                                            Per saperne di pi\u00f9                                        <\/a>\n                                                                    <\/div>\n                                                    <\/div><!-- .elementskit-post-body END -->\n                    <\/div>\n                \n            <\/div>\n                <\/div>\n       <\/div>\t\t\t\t<\/div>\n\t\t\t\t<\/div>\n\t\t\t\t<\/div>\n\t\t\t\t<\/div>\n\t\t\t\t\t<\/div>\n\t\t\t\t<\/div>\n\t\t\t\t<\/div>","protected":false},"excerpt":{"rendered":"<p>ForstControl \u2013 Updates &#038; Infos Die smarte L\u00f6sung f\u00fcr Forstbetriebe \u2013 erfasse Arbeiten digital, organisiere dein Team effizient und behalte jederzeit den \u00dcberblick \u00fcber deine Projekte. K\u00fcnstliche Intelligenz steigert Effizienz im Forstmanagement Die zunehmende Komplexit\u00e4t forstlicher Aufgaben verlangt nach intelligenten L\u00f6sungen. ForstControl setzt auf den gezielten Einsatz&hellip; Mehr lesen Zertifizierte Qualit\u00e4t und Sicherheit: Ein Meilenstein [&hellip;]<\/p>\n","protected":false},"author":1,"featured_media":0,"parent":0,"menu_order":0,"comment_status":"closed","ping_status":"closed","template":"elementor_header_footer","meta":{"iawp_total_views":1724,"footnotes":""},"class_list":["post-1526","page","type-page","status-publish","hentry"],"_links":{"self":[{"href":"https:\/\/forstcontrol.com\/it\/wp-json\/wp\/v2\/pages\/1526","targetHints":{"allow":["GET"]}}],"collection":[{"href":"https:\/\/forstcontrol.com\/it\/wp-json\/wp\/v2\/pages"}],"about":[{"href":"https:\/\/forstcontrol.com\/it\/wp-json\/wp\/v2\/types\/page"}],"author":[{"embeddable":true,"href":"https:\/\/forstcontrol.com\/it\/wp-json\/wp\/v2\/users\/1"}],"replies":[{"embeddable":true,"href":"https:\/\/forstcontrol.com\/it\/wp-json\/wp\/v2\/comments?post=1526"}],"version-history":[{"count":10,"href":"https:\/\/forstcontrol.com\/it\/wp-json\/wp\/v2\/pages\/1526\/revisions"}],"predecessor-version":[{"id":1696,"href":"https:\/\/forstcontrol.com\/it\/wp-json\/wp\/v2\/pages\/1526\/revisions\/1696"}],"wp:attachment":[{"href":"https:\/\/forstcontrol.com\/it\/wp-json\/wp\/v2\/media?parent=1526"}],"curies":[{"name":"wp","href":"https:\/\/api.w.org\/{rel}","templated":true}]}}