{"id":1526,"date":"2025-04-15T09:49:11","date_gmt":"2025-04-15T07:49:11","guid":{"rendered":"https:\/\/forstcontrol.com\/?page_id=1526"},"modified":"2025-04-16T11:34:56","modified_gmt":"2025-04-16T09:34:56","slug":"news","status":"publish","type":"page","link":"https:\/\/forstcontrol.com\/fr\/news\/","title":{"rendered":"Actualit\u00e9s"},"content":{"rendered":"<div data-elementor-type=\"wp-page\" data-elementor-id=\"1526\" class=\"elementor elementor-1526\" data-elementor-post-type=\"page\">\n\t\t\t\t<div class=\"elementor-element elementor-element-cd6c8ee e-grid e-con-boxed e-con e-parent\" data-id=\"cd6c8ee\" data-element_type=\"container\" data-e-type=\"container\" data-settings=\"{&quot;background_background&quot;:&quot;gradient&quot;}\">\n\t\t\t\t\t<div class=\"e-con-inner\">\n\t\t<div class=\"elementor-element elementor-element-17606b0 e-con-full e-flex e-con e-child\" data-id=\"17606b0\" data-element_type=\"container\" data-e-type=\"container\">\n\t\t\t\t<div class=\"elementor-element elementor-element-cf8e349 elementor-widget__width-initial elementor-widget elementor-widget-heading\" data-id=\"cf8e349\" data-element_type=\"widget\" data-e-type=\"widget\" data-widget_type=\"heading.default\">\n\t\t\t\t<div class=\"elementor-widget-container\">\n\t\t\t\t\t<h1 class=\"elementor-heading-title elementor-size-default\">ForstControl - Mises \u00e0 jour et informations<\/h1>\t\t\t\t<\/div>\n\t\t\t\t<\/div>\n\t\t\t\t<div class=\"elementor-element elementor-element-01fe9d3 elementor-widget__width-initial elementor-widget elementor-widget-text-editor\" data-id=\"01fe9d3\" data-element_type=\"widget\" data-e-type=\"widget\" data-widget_type=\"text-editor.default\">\n\t\t\t\t<div class=\"elementor-widget-container\">\n\t\t\t\t\t\t\t\t\t<p>La solution intelligente pour les entreprises foresti\u00e8res - saisis les travaux num\u00e9riquement, organise ton \u00e9quipe efficacement et garde \u00e0 tout moment une vue d'ensemble de tes projets.<\/p>\t\t\t\t\t\t\t\t<\/div>\n\t\t\t\t<\/div>\n\t\t\t\t<\/div>\n\t\t<div class=\"elementor-element elementor-element-c0a7c8a e-con-full elementor-hidden-tablet elementor-hidden-mobile e-flex e-con e-child\" data-id=\"c0a7c8a\" data-element_type=\"container\" data-e-type=\"container\" data-settings=\"{&quot;background_background&quot;:&quot;video&quot;,&quot;background_play_on_mobile&quot;:&quot;yes&quot;}\">\n\t\t\t\t<\/div>\n\t\t\t\t\t<\/div>\n\t\t\t\t<\/div>\n\t\t<div class=\"elementor-element elementor-element-7466f39 section-l e-flex e-con-boxed e-con e-parent\" data-id=\"7466f39\" data-element_type=\"container\" data-e-type=\"container\">\n\t\t\t\t\t<div class=\"e-con-inner\">\n\t\t<div class=\"elementor-element elementor-element-3896d5f e-con-full e-flex e-con e-child\" data-id=\"3896d5f\" data-element_type=\"container\" data-e-type=\"container\">\n\t\t<div class=\"elementor-element elementor-element-99df33a e-con-full e-flex e-con e-child\" data-id=\"99df33a\" data-element_type=\"container\" data-e-type=\"container\">\n\t\t\t\t<div class=\"elementor-element elementor-element-743491a elementor-widget elementor-widget-elementskit-blog-posts\" data-id=\"743491a\" data-element_type=\"widget\" data-e-type=\"widget\" data-widget_type=\"elementskit-blog-posts.default\">\n\t\t\t\t<div class=\"elementor-widget-container\">\n\t\t\t\t\t<div class=\"ekit-wid-con\" >        <div id=\"post-items--743491a\" class=\"row post-items\">\n                    <div class=\"col-lg-4 col-md-6\">\n\n                                    <div class=\"elementskit-post-image-card\">\n                        <div class=\"elementskit-entry-header\">\n                                                            <a href=\"https:\/\/forstcontrol.com\/fr\/forstcontrol-startet-ki-innovationsprojekt-mit-fhnw-und-innosuisse\/\" class=\"elementskit-entry-thumb\">\n                                    <img decoding=\"async\" src=\"https:\/\/forstcontrol.com\/wp-content\/uploads\/2026\/02\/Innosuisse.jpg\" alt=\"ForstControl startet KI-Innovationsprojekt mit FHNW und Innosuisse\">\n                                <\/a><!-- .elementskit-entry-thumb END -->\n                                                            \n                            \n\t\t\t\t\t\t\t\t\t\t\t\t\t<\/div><!-- .elementskit-entry-header END -->\n\n\t\t\t\t\t\t<div class=\"elementskit-post-body\">\n\t\t\t\t\t\t\t\n\t\t\t\t\t\t\t\t\t\t\t\t\t\t\t\t\t\t\t\t\t\t\t\t\t\t\t\t\t\t\n\t\t\t\t\t\t\t\t\n\t\t\t\t\t\t\t\t\t\t\t\t\t\t\t\t\t\t\t\t\t<h2 class=\"entry-title\">\n\t\t\t\t\t<a href=\"https:\/\/forstcontrol.com\/fr\/forstcontrol-startet-ki-innovationsprojekt-mit-fhnw-und-innosuisse\/\">\n\t\t\t\t\t\tForstControl lance un projet d'innovation en IA avec la FHNW et Innosuisse\t\t\t\t\t<\/a>\n\t\t\t\t<\/h2>\n\t\t\t\t\t\t\t\t\t\t\t\t\t\t\t\t\t\t\t\t\t\t\t\t\t\t\t\t\t\t\t\t\t\t\t\t\t\t\t\t\t\t<p>ForstControl franchit une nouvelle \u00e9tape dans l'innovation : en collaboration avec la Haute \u00e9cole sp\u00e9cialis\u00e9e du Nord-Ouest de la Suisse et Innosuisse, nous d\u00e9veloppons...<\/p>\n\t\t\t\t\t\t\t\t\t\t\t\t\t\t\t\t\t\t\t\t\t\t                                                            <div class=\"btn-wraper\">\n                                    \n                                                                            <a class=\"elementskit-btn whitespace--normal\" id=\"\" href=\"https:\/\/forstcontrol.com\/fr\/forstcontrol-startet-ki-innovationsprojekt-mit-fhnw-und-innosuisse\/\">\n                                        \t                                            Lire la suite                                        <\/a>\n                                                                    <\/div>\n                                                    <\/div><!-- .elementskit-post-body END -->\n                    <\/div>\n                \n            <\/div>\n                    <div class=\"col-lg-4 col-md-6\">\n\n                                    <div class=\"elementskit-post-image-card\">\n                        <div class=\"elementskit-entry-header\">\n                                                            <a href=\"https:\/\/forstcontrol.com\/fr\/forstcontrol-smartflow-3-5\/\" class=\"elementskit-entry-thumb\">\n                                    <img decoding=\"async\" src=\"https:\/\/forstcontrol.com\/wp-content\/uploads\/2026\/02\/ForstControl-SmartFlow-3.5-1024x683.webp\" alt=\"ForstControl SmartFlow 3.5\">\n                                <\/a><!-- .elementskit-entry-thumb END -->\n                                                            \n                            \n\t\t\t\t\t\t\t\t\t\t\t\t\t<\/div><!-- .elementskit-entry-header END -->\n\n\t\t\t\t\t\t<div class=\"elementskit-post-body\">\n\t\t\t\t\t\t\t\n\t\t\t\t\t\t\t\t\t\t\t\t\t\t\t\t\t\t\t\t\t\t\t\t\t\t\t\t\t\t\n\t\t\t\t\t\t\t\t\n\t\t\t\t\t\t\t\t\t\t\t\t\t\t\t\t\t\t\t\t\t<h2 class=\"entry-title\">\n\t\t\t\t\t<a href=\"https:\/\/forstcontrol.com\/fr\/forstcontrol-smartflow-3-5\/\">\n\t\t\t\t\t\tForstControl SmartFlow 3.5\t\t\t\t\t<\/a>\n\t\t\t\t<\/h2>\n\t\t\t\t\t\t\t\t\t\t\t\t\t\t\t\t\t\t\t\t\t\t\t\t\t\t\t\t\t\t\t\t\t\t\t\t\t\t\t\t\t\t<p>Plus d'automatismes. Plus de fonctions. Une r\u00e9duction sensible de la charge de travail. Avec ForstControl SmartFlow 3.5, nous franchissons une nouvelle...<\/p>\n\t\t\t\t\t\t\t\t\t\t\t\t\t\t\t\t\t\t\t\t\t\t                                                            <div class=\"btn-wraper\">\n                                    \n                                                                            <a class=\"elementskit-btn whitespace--normal\" id=\"\" href=\"https:\/\/forstcontrol.com\/fr\/forstcontrol-smartflow-3-5\/\">\n                                        \t                                            Lire la suite                                        <\/a>\n                                                                    <\/div>\n                                                    <\/div><!-- .elementskit-post-body END -->\n                    <\/div>\n                \n            <\/div>\n                    <div class=\"col-lg-4 col-md-6\">\n\n                                    <div class=\"elementskit-post-image-card\">\n                        <div class=\"elementskit-entry-header\">\n                                                            <a href=\"https:\/\/forstcontrol.com\/fr\/siabit-ag-gewinnt-gold-an-den-best-of-swiss-software-awards-2025\/\" class=\"elementskit-entry-thumb\">\n                                    <img decoding=\"async\" src=\"https:\/\/forstcontrol.com\/wp-content\/uploads\/2025\/11\/Website-Mitteilung-1024x754.jpg\" alt=\"siabit AG gewinnt Gold an den Best of Swiss Software Awards 2025\">\n                                <\/a><!-- .elementskit-entry-thumb END -->\n                                                            \n                            \n\t\t\t\t\t\t\t\t\t\t\t\t\t<\/div><!-- .elementskit-entry-header END -->\n\n\t\t\t\t\t\t<div class=\"elementskit-post-body\">\n\t\t\t\t\t\t\t\n\t\t\t\t\t\t\t\t\t\t\t\t\t\t\t\t\t\t\t\t\t\t\t\t\t\t\t\t\t\t\n\t\t\t\t\t\t\t\t\n\t\t\t\t\t\t\t\t\t\t\t\t\t\t\t\t\t\t\t\t\t<h2 class=\"entry-title\">\n\t\t\t\t\t<a href=\"https:\/\/forstcontrol.com\/fr\/siabit-ag-gewinnt-gold-an-den-best-of-swiss-software-awards-2025\/\">\n\t\t\t\t\t\tsiabit AG remporte l'or aux Best of Swiss Software Awards 2025\t\t\t\t\t<\/a>\n\t\t\t\t<\/h2>\n\t\t\t\t\t\t\t\t\t\t\t\t\t\t\t\t\t\t\t\t\t\t\t\t\t\t\t\t\t\t\t\t\t\t\t\t\t\t\t\t\t\t<p>Je suis extr\u00eamement heureux de vous annoncer aujourd'hui une grande nouvelle : la soci\u00e9t\u00e9 siabit AG a...<\/p>\n\t\t\t\t\t\t\t\t\t\t\t\t\t\t\t\t\t\t\t\t\t\t                                                            <div class=\"btn-wraper\">\n                                    \n                                                                            <a class=\"elementskit-btn whitespace--normal\" id=\"\" href=\"https:\/\/forstcontrol.com\/fr\/siabit-ag-gewinnt-gold-an-den-best-of-swiss-software-awards-2025\/\">\n                                        \t                                            Lire la suite                                        <\/a>\n                                                                    <\/div>\n                                                    <\/div><!-- .elementskit-post-body END -->\n                    <\/div>\n                \n            <\/div>\n                    <div class=\"col-lg-4 col-md-6\">\n\n                                    <div class=\"elementskit-post-image-card\">\n                        <div class=\"elementskit-entry-header\">\n                                                            <a href=\"https:\/\/forstcontrol.com\/fr\/vertrauen-qualitaet-sicherheit-forstcontrol-erneut-dreifach-iso-zertifiziert\/\" class=\"elementskit-entry-thumb\">\n                                    <img decoding=\"async\" src=\"https:\/\/forstcontrol.com\/wp-content\/uploads\/2025\/11\/David_Henzmann_ISO-1024x903.jpeg\" alt=\"Vertrauen, Qualit\u00e4t, Sicherheit: Forstcontrol erneut dreifach ISO-zertifiziert\">\n                                <\/a><!-- .elementskit-entry-thumb END -->\n                                                            \n                            \n\t\t\t\t\t\t\t\t\t\t\t\t\t<\/div><!-- .elementskit-entry-header END -->\n\n\t\t\t\t\t\t<div class=\"elementskit-post-body\">\n\t\t\t\t\t\t\t\n\t\t\t\t\t\t\t\t\t\t\t\t\t\t\t\t\t\t\t\t\t\t\t\t\t\t\t\t\t\t\n\t\t\t\t\t\t\t\t\n\t\t\t\t\t\t\t\t\t\t\t\t\t\t\t\t\t\t\t\t\t<h2 class=\"entry-title\">\n\t\t\t\t\t<a href=\"https:\/\/forstcontrol.com\/fr\/vertrauen-qualitaet-sicherheit-forstcontrol-erneut-dreifach-iso-zertifiziert\/\">\n\t\t\t\t\t\tConfiance, qualit\u00e9, s\u00e9curit\u00e9 : Forstcontrol \u00e0 nouveau triplement certifi\u00e9 ISO\t\t\t\t\t<\/a>\n\t\t\t\t<\/h2>\n\t\t\t\t\t\t\t\t\t\t\t\t\t\t\t\t\t\t\t\t\t\t\t\t\t\t\t\t\t\t\t\t\t\t\t\t\t\t\t\t\t\t<p>ForstControl a pass\u00e9 avec succ\u00e8s l'audit de cette ann\u00e9e et confirme ainsi une nouvelle fois ses exigences \u00e9lev\u00e9es en mati\u00e8re de qualit\u00e9. Les ...<\/p>\n\t\t\t\t\t\t\t\t\t\t\t\t\t\t\t\t\t\t\t\t\t\t                                                            <div class=\"btn-wraper\">\n                                    \n                                                                            <a class=\"elementskit-btn whitespace--normal\" id=\"\" href=\"https:\/\/forstcontrol.com\/fr\/vertrauen-qualitaet-sicherheit-forstcontrol-erneut-dreifach-iso-zertifiziert\/\">\n                                        \t                                            Lire la suite                                        <\/a>\n                                                                    <\/div>\n                                                    <\/div><!-- .elementskit-post-body END -->\n                    <\/div>\n                \n            <\/div>\n                    <div class=\"col-lg-4 col-md-6\">\n\n                                    <div class=\"elementskit-post-image-card\">\n                        <div class=\"elementskit-entry-header\">\n                                                            <a href=\"https:\/\/forstcontrol.com\/fr\/software-3-0-zwischen-erfolg-und-kritik\/\" class=\"elementskit-entry-thumb\">\n                                    <img decoding=\"async\" src=\"https:\/\/forstcontrol.com\/wp-content\/uploads\/2025\/11\/Podcast-Header-1024x576.jpg\" alt=\"ForstControl 3.0 &#8211; zwischen Erfolg und Kritik\">\n                                <\/a><!-- .elementskit-entry-thumb END -->\n                                                            \n                            \n\t\t\t\t\t\t\t\t\t\t\t\t\t<\/div><!-- .elementskit-entry-header END -->\n\n\t\t\t\t\t\t<div class=\"elementskit-post-body\">\n\t\t\t\t\t\t\t\n\t\t\t\t\t\t\t\t\t\t\t\t\t\t\t\t\t\t\t\t\t\t\t\t\t\t\t\t\t\t\n\t\t\t\t\t\t\t\t\n\t\t\t\t\t\t\t\t\t\t\t\t\t\t\t\t\t\t\t\t\t<h2 class=\"entry-title\">\n\t\t\t\t\t<a href=\"https:\/\/forstcontrol.com\/fr\/software-3-0-zwischen-erfolg-und-kritik\/\">\n\t\t\t\t\t\tForstControl 3.0 - entre succ\u00e8s et critiques\t\t\t\t\t<\/a>\n\t\t\t\t<\/h2>\n\t\t\t\t\t\t\t\t\t\t\t\t\t\t\t\t\t\t\t\t\t\t\t\t\t\t\t\t\t\t\t\t\t\t\t\t\t\t\t\t\t\t<p>\ud83c\udf99\ufe0f \"D\u00e9sol\u00e9, mais nous sommes en train de num\u00e9riser la for\u00eat\". Bienvenue dans l'\u00e9pisode le plus honn\u00eate du podcast. Je suis...<\/p>\n\t\t\t\t\t\t\t\t\t\t\t\t\t\t\t\t\t\t\t\t\t\t                                                            <div class=\"btn-wraper\">\n                                    \n                                                                            <a class=\"elementskit-btn whitespace--normal\" id=\"\" href=\"https:\/\/forstcontrol.com\/fr\/software-3-0-zwischen-erfolg-und-kritik\/\">\n                                        \t                                            Lire la suite                                        <\/a>\n                                                                    <\/div>\n                                                    <\/div><!-- .elementskit-post-body END -->\n                    <\/div>\n                \n            <\/div>\n                    <div class=\"col-lg-4 col-md-6\">\n\n                                    <div class=\"elementskit-post-image-card\">\n                        <div class=\"elementskit-entry-header\">\n                                                            <a href=\"https:\/\/forstcontrol.com\/fr\/forstcontrol-3-0-das-groesste-update-unserer-geschichte-steht-bevor\/\" class=\"elementskit-entry-thumb\">\n                                    <img decoding=\"async\" src=\"https:\/\/forstcontrol.com\/wp-content\/uploads\/2025\/05\/ForstControl-Visuals-ADS-34-Serie-2-819x1024.jpg\" alt=\"ForstControl 3.0: Das gr\u00f6sste Update unserer Geschichte steht bevor\">\n                                <\/a><!-- .elementskit-entry-thumb END -->\n                                                            \n                            \n\t\t\t\t\t\t\t\t\t\t\t\t\t<\/div><!-- .elementskit-entry-header END -->\n\n\t\t\t\t\t\t<div class=\"elementskit-post-body\">\n\t\t\t\t\t\t\t\n\t\t\t\t\t\t\t\t\t\t\t\t\t\t\t\t\t\t\t\t\t\t\t\t\t\t\t\t\t\t\n\t\t\t\t\t\t\t\t\n\t\t\t\t\t\t\t\t\t\t\t\t\t\t\t\t\t\t\t\t\t<h2 class=\"entry-title\">\n\t\t\t\t\t<a href=\"https:\/\/forstcontrol.com\/fr\/forstcontrol-3-0-das-groesste-update-unserer-geschichte-steht-bevor\/\">\n\t\t\t\t\t\tForstControl 3.0 : la plus grande mise \u00e0 jour de notre histoire est imminente\t\t\t\t\t<\/a>\n\t\t\t\t<\/h2>\n\t\t\t\t\t\t\t\t\t\t\t\t\t\t\t\t\t\t\t\t\t\t\t\t\t\t\t\t\t\t\t\t\t\t\t\t\t\t\t\t\t\t<p>Apr\u00e8s une p\u00e9riode de repos d\u00e9lib\u00e9r\u00e9, ForstControl annonce maintenant la plus grande mise \u00e0 jour depuis sa cr\u00e9ation : La version...<\/p>\n\t\t\t\t\t\t\t\t\t\t\t\t\t\t\t\t\t\t\t\t\t\t                                                            <div class=\"btn-wraper\">\n                                    \n                                                                            <a class=\"elementskit-btn whitespace--normal\" id=\"\" href=\"https:\/\/forstcontrol.com\/fr\/forstcontrol-3-0-das-groesste-update-unserer-geschichte-steht-bevor\/\">\n                                        \t                                            Lire la suite                                        <\/a>\n                                                                    <\/div>\n                                                    <\/div><!-- .elementskit-post-body END -->\n                    <\/div>\n                \n            <\/div>\n                    <div class=\"col-lg-4 col-md-6\">\n\n                                    <div class=\"elementskit-post-image-card\">\n                        <div class=\"elementskit-entry-header\">\n                                                            <a href=\"https:\/\/forstcontrol.com\/fr\/kuenstliche-intelligenz-steigert-effizienz-im-forstmanagement\/\" class=\"elementskit-entry-thumb\">\n                                    <img decoding=\"async\" src=\"https:\/\/forstcontrol.com\/wp-content\/uploads\/2025\/04\/Screenshot-2025-04-15-142301.jpg\" alt=\"K\u00fcnstliche Intelligenz steigert Effizienz im Forstmanagement\">\n                                <\/a><!-- .elementskit-entry-thumb END -->\n                                                            \n                            \n\t\t\t\t\t\t\t\t\t\t\t\t\t<\/div><!-- .elementskit-entry-header END -->\n\n\t\t\t\t\t\t<div class=\"elementskit-post-body\">\n\t\t\t\t\t\t\t\n\t\t\t\t\t\t\t\t\t\t\t\t\t\t\t\t\t\t\t\t\t\t\t\t\t\t\t\t\t\t\n\t\t\t\t\t\t\t\t\n\t\t\t\t\t\t\t\t\t\t\t\t\t\t\t\t\t\t\t\t\t<h2 class=\"entry-title\">\n\t\t\t\t\t<a href=\"https:\/\/forstcontrol.com\/fr\/kuenstliche-intelligenz-steigert-effizienz-im-forstmanagement\/\">\n\t\t\t\t\t\tL'intelligence artificielle am\u00e9liore l'efficacit\u00e9 de la gestion foresti\u00e8re\t\t\t\t\t<\/a>\n\t\t\t\t<\/h2>\n\t\t\t\t\t\t\t\t\t\t\t\t\t\t\t\t\t\t\t\t\t\t\t\t\t\t\t\t\t\t\t\t\t\t\t\t\t\t\t\t\t\t<p>La complexit\u00e9 croissante des t\u00e2ches foresti\u00e8res exige des solutions intelligentes. ForstControl mise sur l'utilisation cibl\u00e9e...<\/p>\n\t\t\t\t\t\t\t\t\t\t\t\t\t\t\t\t\t\t\t\t\t\t                                                            <div class=\"btn-wraper\">\n                                    \n                                                                            <a class=\"elementskit-btn whitespace--normal\" id=\"\" href=\"https:\/\/forstcontrol.com\/fr\/kuenstliche-intelligenz-steigert-effizienz-im-forstmanagement\/\">\n                                        \t                                            Lire la suite                                        <\/a>\n                                                                    <\/div>\n                                                    <\/div><!-- .elementskit-post-body END -->\n                    <\/div>\n                \n            <\/div>\n                    <div class=\"col-lg-4 col-md-6\">\n\n                                    <div class=\"elementskit-post-image-card\">\n                        <div class=\"elementskit-entry-header\">\n                                                            <a href=\"https:\/\/forstcontrol.com\/fr\/zertifizierte-qualitaet-und-sicherheit-ein-meilenstein-fuer-forstcontrol\/\" class=\"elementskit-entry-thumb\">\n                                    <img decoding=\"async\" src=\"https:\/\/forstcontrol.com\/wp-content\/uploads\/2025\/04\/ISO-27001-768x765-1.jpg\" alt=\"Zertifizierte Qualit\u00e4t und Sicherheit: Ein Meilenstein f\u00fcr ForstControl\">\n                                <\/a><!-- .elementskit-entry-thumb END -->\n                                                            \n                            \n\t\t\t\t\t\t\t\t\t\t\t\t\t<\/div><!-- .elementskit-entry-header END -->\n\n\t\t\t\t\t\t<div class=\"elementskit-post-body\">\n\t\t\t\t\t\t\t\n\t\t\t\t\t\t\t\t\t\t\t\t\t\t\t\t\t\t\t\t\t\t\t\t\t\t\t\t\t\t\n\t\t\t\t\t\t\t\t\n\t\t\t\t\t\t\t\t\t\t\t\t\t\t\t\t\t\t\t\t\t<h2 class=\"entry-title\">\n\t\t\t\t\t<a href=\"https:\/\/forstcontrol.com\/fr\/zertifizierte-qualitaet-und-sicherheit-ein-meilenstein-fuer-forstcontrol\/\">\n\t\t\t\t\t\tQualit\u00e9 et s\u00e9curit\u00e9 certifi\u00e9es : une \u00e9tape importante pour ForstControl\t\t\t\t\t<\/a>\n\t\t\t\t<\/h2>\n\t\t\t\t\t\t\t\t\t\t\t\t\t\t\t\t\t\t\t\t\t\t\t\t\t\t\t\t\t\t\t\t\t\t\t\t\t\t\t\t\t\t<p>Depuis d\u00e9cembre 2024, Forstcontrol est officiellement certifi\u00e9e ISO 27001 et ISO 9001. Ainsi, nous confirmons...<\/p>\n\t\t\t\t\t\t\t\t\t\t\t\t\t\t\t\t\t\t\t\t\t\t                                                            <div class=\"btn-wraper\">\n                                    \n                                                                            <a class=\"elementskit-btn whitespace--normal\" id=\"\" href=\"https:\/\/forstcontrol.com\/fr\/zertifizierte-qualitaet-und-sicherheit-ein-meilenstein-fuer-forstcontrol\/\">\n                                        \t                                            Lire la suite                                        <\/a>\n                                                                    <\/div>\n                                                    <\/div><!-- .elementskit-post-body END -->\n                    <\/div>\n                \n            <\/div>\n                    <div class=\"col-lg-4 col-md-6\">\n\n                                    <div class=\"elementskit-post-image-card\">\n                        <div class=\"elementskit-entry-header\">\n                                                            <a href=\"https:\/\/forstcontrol.com\/fr\/verstaerkung-fuer-innovation-und-wachstum-fabienne-oberholzer-neu-im-forstcontrol-team\/\" class=\"elementskit-entry-thumb\">\n                                    <img decoding=\"async\" src=\"https:\/\/forstcontrol.com\/wp-content\/uploads\/2025\/04\/20240709_1531400-768x478-1.jpg\" alt=\"Verst\u00e4rkung f\u00fcr Innovation und Wachstum: Fabienne Oberholzer neu im ForstControl-Team\">\n                                <\/a><!-- .elementskit-entry-thumb END -->\n                                                            \n                            \n\t\t\t\t\t\t\t\t\t\t\t\t\t<\/div><!-- .elementskit-entry-header END -->\n\n\t\t\t\t\t\t<div class=\"elementskit-post-body\">\n\t\t\t\t\t\t\t\n\t\t\t\t\t\t\t\t\t\t\t\t\t\t\t\t\t\t\t\t\t\t\t\t\t\t\t\t\t\t\n\t\t\t\t\t\t\t\t\n\t\t\t\t\t\t\t\t\t\t\t\t\t\t\t\t\t\t\t\t\t<h2 class=\"entry-title\">\n\t\t\t\t\t<a href=\"https:\/\/forstcontrol.com\/fr\/verstaerkung-fuer-innovation-und-wachstum-fabienne-oberholzer-neu-im-forstcontrol-team\/\">\n\t\t\t\t\t\tRenforcement de l'innovation et de la croissance : Fabienne Oberholzer rejoint l'\u00e9quipe ForstControl\t\t\t\t\t<\/a>\n\t\t\t\t<\/h2>\n\t\t\t\t\t\t\t\t\t\t\t\t\t\t\t\t\t\t\t\t\t\t\t\t\t\t\t\t\t\t\t\t\t\t\t\t\t\t\t\t\t\t<p>Depuis le 1er juillet 2024, Fabienne Oberholzer compl\u00e8te l'\u00e9quipe de ForstControl dans le domaine Business...<\/p>\n\t\t\t\t\t\t\t\t\t\t\t\t\t\t\t\t\t\t\t\t\t\t                                                            <div class=\"btn-wraper\">\n                                    \n                                                                            <a class=\"elementskit-btn whitespace--normal\" id=\"\" href=\"https:\/\/forstcontrol.com\/fr\/verstaerkung-fuer-innovation-und-wachstum-fabienne-oberholzer-neu-im-forstcontrol-team\/\">\n                                        \t                                            Lire la suite                                        <\/a>\n                                                                    <\/div>\n                                                    <\/div><!-- .elementskit-post-body END -->\n                    <\/div>\n                \n            <\/div>\n                    <div class=\"col-lg-4 col-md-6\">\n\n                                    <div class=\"elementskit-post-image-card\">\n                        <div class=\"elementskit-entry-header\">\n                                                            <a href=\"https:\/\/forstcontrol.com\/fr\/forstcontrol-gewinnt-200-neue-investorinnen-und-investoren-fast-1-million-franken-fuer-die-zukunft\/\" class=\"elementskit-entry-thumb\">\n                                    <img decoding=\"async\" src=\"https:\/\/forstcontrol.com\/wp-content\/uploads\/2025\/04\/David-Henzmann-ForstControl-768x853-1.jpeg\" alt=\"ForstControl gewinnt 200 neue Investorinnen und Investoren \u2013 fast 1 Million Franken f\u00fcr die Zukunft\">\n                                <\/a><!-- .elementskit-entry-thumb END -->\n                                                            \n                            \n\t\t\t\t\t\t\t\t\t\t\t\t\t<\/div><!-- .elementskit-entry-header END -->\n\n\t\t\t\t\t\t<div class=\"elementskit-post-body\">\n\t\t\t\t\t\t\t\n\t\t\t\t\t\t\t\t\t\t\t\t\t\t\t\t\t\t\t\t\t\t\t\t\t\t\t\t\t\t\n\t\t\t\t\t\t\t\t\n\t\t\t\t\t\t\t\t\t\t\t\t\t\t\t\t\t\t\t\t\t<h2 class=\"entry-title\">\n\t\t\t\t\t<a href=\"https:\/\/forstcontrol.com\/fr\/forstcontrol-gewinnt-200-neue-investorinnen-und-investoren-fast-1-million-franken-fuer-die-zukunft\/\">\n\t\t\t\t\t\tForstControl attire 200 nouveaux investisseurs - pr\u00e8s d'un million de francs pour l'avenir\t\t\t\t\t<\/a>\n\t\t\t\t<\/h2>\n\t\t\t\t\t\t\t\t\t\t\t\t\t\t\t\t\t\t\t\t\t\t\t\t\t\t\t\t\t\t\t\t\t\t\t\t\t\t\t\t\t\t<p>ForstControl poursuit sa croissance : la semaine derni\u00e8re, l'augmentation de capital a \u00e9t\u00e9 officiellement sign\u00e9e chez le notaire....<\/p>\n\t\t\t\t\t\t\t\t\t\t\t\t\t\t\t\t\t\t\t\t\t\t                                                            <div class=\"btn-wraper\">\n                                    \n                                                                            <a class=\"elementskit-btn whitespace--normal\" id=\"\" href=\"https:\/\/forstcontrol.com\/fr\/forstcontrol-gewinnt-200-neue-investorinnen-und-investoren-fast-1-million-franken-fuer-die-zukunft\/\">\n                                        \t                                            Lire la suite                                        <\/a>\n                                                                    <\/div>\n                                                    <\/div><!-- .elementskit-post-body END -->\n                    <\/div>\n                \n            <\/div>\n                    <div class=\"col-lg-4 col-md-6\">\n\n                                    <div class=\"elementskit-post-image-card\">\n                        <div class=\"elementskit-entry-header\">\n                                                            <a href=\"https:\/\/forstcontrol.com\/fr\/fast-300000-chf-fuer-forstcontrol-ein-starkes-signal-aus-der-community\/\" class=\"elementskit-entry-thumb\">\n                                    <img decoding=\"async\" src=\"https:\/\/forstcontrol.com\/wp-content\/uploads\/2025\/04\/Investment-ForstControl-768x499-1.jpeg\" alt=\"Fast 300\u2019000 CHF f\u00fcr ForstControl \u2013 Ein starkes Signal aus der Community\">\n                                <\/a><!-- .elementskit-entry-thumb END -->\n                                                            \n                            \n\t\t\t\t\t\t\t\t\t\t\t\t\t<\/div><!-- .elementskit-entry-header END -->\n\n\t\t\t\t\t\t<div class=\"elementskit-post-body\">\n\t\t\t\t\t\t\t\n\t\t\t\t\t\t\t\t\t\t\t\t\t\t\t\t\t\t\t\t\t\t\t\t\t\t\t\t\t\t\n\t\t\t\t\t\t\t\t\n\t\t\t\t\t\t\t\t\t\t\t\t\t\t\t\t\t\t\t\t\t<h2 class=\"entry-title\">\n\t\t\t\t\t<a href=\"https:\/\/forstcontrol.com\/fr\/fast-300000-chf-fuer-forstcontrol-ein-starkes-signal-aus-der-community\/\">\n\t\t\t\t\t\tPr\u00e8s de 300 000 CHF pour ForstControl - Un signal fort de la communaut\u00e9\t\t\t\t\t<\/a>\n\t\t\t\t<\/h2>\n\t\t\t\t\t\t\t\t\t\t\t\t\t\t\t\t\t\t\t\t\t\t\t\t\t\t\t\t\t\t\t\t\t\t\t\t\t\t\t\t\t\t<p>La campagne de crowdinvest de ForstControl a \u00e9t\u00e9 un v\u00e9ritable succ\u00e8s : en seulement trois mois, pr\u00e8s de 300'000...<\/p>\n\t\t\t\t\t\t\t\t\t\t\t\t\t\t\t\t\t\t\t\t\t\t                                                            <div class=\"btn-wraper\">\n                                    \n                                                                            <a class=\"elementskit-btn whitespace--normal\" id=\"\" href=\"https:\/\/forstcontrol.com\/fr\/fast-300000-chf-fuer-forstcontrol-ein-starkes-signal-aus-der-community\/\">\n                                        \t                                            Lire la suite                                        <\/a>\n                                                                    <\/div>\n                                                    <\/div><!-- .elementskit-post-body END -->\n                    <\/div>\n                \n            <\/div>\n                    <div class=\"col-lg-4 col-md-6\">\n\n                                    <div class=\"elementskit-post-image-card\">\n                        <div class=\"elementskit-entry-header\">\n                                                            <a href=\"https:\/\/forstcontrol.com\/fr\/forstcontrol-auf-wachstumskurs-vom-startup-zur-marktfuehrerin\/\" class=\"elementskit-entry-thumb\">\n                                    <img decoding=\"async\" src=\"https:\/\/forstcontrol.com\/wp-content\/uploads\/2025\/04\/Aargauer-Zeitung-David-Henzmann.jpg\" alt=\"ForstControl auf Wachstumskurs: Vom Startup zur Marktf\u00fchrerin\">\n                                <\/a><!-- .elementskit-entry-thumb END -->\n                                                            \n                            \n\t\t\t\t\t\t\t\t\t\t\t\t\t<\/div><!-- .elementskit-entry-header END -->\n\n\t\t\t\t\t\t<div class=\"elementskit-post-body\">\n\t\t\t\t\t\t\t\n\t\t\t\t\t\t\t\t\t\t\t\t\t\t\t\t\t\t\t\t\t\t\t\t\t\t\t\t\t\t\n\t\t\t\t\t\t\t\t\n\t\t\t\t\t\t\t\t\t\t\t\t\t\t\t\t\t\t\t\t\t<h2 class=\"entry-title\">\n\t\t\t\t\t<a href=\"https:\/\/forstcontrol.com\/fr\/forstcontrol-auf-wachstumskurs-vom-startup-zur-marktfuehrerin\/\">\n\t\t\t\t\t\tForstControl sur la voie de la croissance : de la start-up au leader du march\u00e9\t\t\t\t\t<\/a>\n\t\t\t\t<\/h2>\n\t\t\t\t\t\t\t\t\t\t\t\t\t\t\t\t\t\t\t\t\t\t\t\t\t\t\t\t\t\t\t\t\t\t\t\t\t\t\t\t\t\t<p>Avec ForstControl, David Henzmann a marqu\u00e9 de mani\u00e8re d\u00e9cisive la transformation num\u00e9rique de l'industrie foresti\u00e8re suisse. En l'espace de quelques...<\/p>\n\t\t\t\t\t\t\t\t\t\t\t\t\t\t\t\t\t\t\t\t\t\t                                                            <div class=\"btn-wraper\">\n                                    \n                                                                            <a class=\"elementskit-btn whitespace--normal\" id=\"\" href=\"https:\/\/forstcontrol.com\/fr\/forstcontrol-auf-wachstumskurs-vom-startup-zur-marktfuehrerin\/\">\n                                        \t                                            Lire la suite                                        <\/a>\n                                                                    <\/div>\n                                                    <\/div><!-- .elementskit-post-body END -->\n                    <\/div>\n                \n            <\/div>\n                    <div class=\"col-lg-4 col-md-6\">\n\n                                    <div class=\"elementskit-post-image-card\">\n                        <div class=\"elementskit-entry-header\">\n                                                            <a href=\"https:\/\/forstcontrol.com\/fr\/automatisierter-datentransfer-forstcontrol-integriert-wahlers-cloud\/\" class=\"elementskit-entry-thumb\">\n                                    <img decoding=\"async\" src=\"https:\/\/forstcontrol.com\/wp-content\/uploads\/2025\/04\/Wahlers-ForstControl.jpg\" alt=\"Automatisierter Datentransfer: ForstControl integriert Wahlers-Cloud\">\n                                <\/a><!-- .elementskit-entry-thumb END -->\n                                                            \n                            \n\t\t\t\t\t\t\t\t\t\t\t\t\t<\/div><!-- .elementskit-entry-header END -->\n\n\t\t\t\t\t\t<div class=\"elementskit-post-body\">\n\t\t\t\t\t\t\t\n\t\t\t\t\t\t\t\t\t\t\t\t\t\t\t\t\t\t\t\t\t\t\t\t\t\t\t\t\t\t\n\t\t\t\t\t\t\t\t\n\t\t\t\t\t\t\t\t\t\t\t\t\t\t\t\t\t\t\t\t\t<h2 class=\"entry-title\">\n\t\t\t\t\t<a href=\"https:\/\/forstcontrol.com\/fr\/automatisierter-datentransfer-forstcontrol-integriert-wahlers-cloud\/\">\n\t\t\t\t\t\tTransfert de donn\u00e9es automatis\u00e9 : ForstControl int\u00e8gre le cloud de Wahlers\t\t\t\t\t<\/a>\n\t\t\t\t<\/h2>\n\t\t\t\t\t\t\t\t\t\t\t\t\t\t\t\t\t\t\t\t\t\t\t\t\t\t\t\t\t\t\t\t\t\t\t\t\t\t\t\t\t\t<p>De plus en plus d'entreprises foresti\u00e8res font appel \u00e0 ForstControl pour g\u00e9rer efficacement leurs machines. Avec l'augmentation de la...<\/p>\n\t\t\t\t\t\t\t\t\t\t\t\t\t\t\t\t\t\t\t\t\t\t                                                            <div class=\"btn-wraper\">\n                                    \n                                                                            <a class=\"elementskit-btn whitespace--normal\" id=\"\" href=\"https:\/\/forstcontrol.com\/fr\/automatisierter-datentransfer-forstcontrol-integriert-wahlers-cloud\/\">\n                                        \t                                            Lire la suite                                        <\/a>\n                                                                    <\/div>\n                                                    <\/div><!-- .elementskit-post-body END -->\n                    <\/div>\n                \n            <\/div>\n                    <div class=\"col-lg-4 col-md-6\">\n\n                                    <div class=\"elementskit-post-image-card\">\n                        <div class=\"elementskit-entry-header\">\n                                                            <a href=\"https:\/\/forstcontrol.com\/fr\/ein-starkes-zeichen-des-vertrauens-forstcontrol-zaehlt-bald-100-investoren\/\" class=\"elementskit-entry-thumb\">\n                                    <img decoding=\"async\" src=\"https:\/\/forstcontrol.com\/wp-content\/uploads\/2025\/04\/Crowdinvest-768x420-1.jpg\" alt=\"Ein starkes Zeichen des Vertrauens: ForstControl z\u00e4hlt bald 100 Investoren\">\n                                <\/a><!-- .elementskit-entry-thumb END -->\n                                                            \n                            \n\t\t\t\t\t\t\t\t\t\t\t\t\t<\/div><!-- .elementskit-entry-header END -->\n\n\t\t\t\t\t\t<div class=\"elementskit-post-body\">\n\t\t\t\t\t\t\t\n\t\t\t\t\t\t\t\t\t\t\t\t\t\t\t\t\t\t\t\t\t\t\t\t\t\t\t\t\t\t\n\t\t\t\t\t\t\t\t\n\t\t\t\t\t\t\t\t\t\t\t\t\t\t\t\t\t\t\t\t\t<h2 class=\"entry-title\">\n\t\t\t\t\t<a href=\"https:\/\/forstcontrol.com\/fr\/ein-starkes-zeichen-des-vertrauens-forstcontrol-zaehlt-bald-100-investoren\/\">\n\t\t\t\t\t\tUn signe fort de confiance : ForstControl compte bient\u00f4t 100 investisseurs\t\t\t\t\t<\/a>\n\t\t\t\t<\/h2>\n\t\t\t\t\t\t\t\t\t\t\t\t\t\t\t\t\t\t\t\t\t\t\t\t\t\t\t\t\t\t\t\t\t\t\t\t\t\t\t\t\t\t<p>ForstControl a franchi une \u00e9tape importante : le seuil de financement a \u00e9t\u00e9 d\u00e9pass\u00e9 et nous compterons bient\u00f4t 100...<\/p>\n\t\t\t\t\t\t\t\t\t\t\t\t\t\t\t\t\t\t\t\t\t\t                                                            <div class=\"btn-wraper\">\n                                    \n                                                                            <a class=\"elementskit-btn whitespace--normal\" id=\"\" href=\"https:\/\/forstcontrol.com\/fr\/ein-starkes-zeichen-des-vertrauens-forstcontrol-zaehlt-bald-100-investoren\/\">\n                                        \t                                            Lire la suite                                        <\/a>\n                                                                    <\/div>\n                                                    <\/div><!-- .elementskit-post-body END -->\n                    <\/div>\n                \n            <\/div>\n                    <div class=\"col-lg-4 col-md-6\">\n\n                                    <div class=\"elementskit-post-image-card\">\n                        <div class=\"elementskit-entry-header\">\n                                                            <a href=\"https:\/\/forstcontrol.com\/fr\/forstcontrol-setzt-starke-akzente-und-begeistert-mit-innovation\/\" class=\"elementskit-entry-thumb\">\n                                    <img decoding=\"async\" src=\"https:\/\/forstcontrol.com\/wp-content\/uploads\/2025\/04\/MicrosoftTeams-image-768x364-1.jpg\" alt=\"ForstControl setzt starke Akzente und begeistert mit Innovation\">\n                                <\/a><!-- .elementskit-entry-thumb END -->\n                                                            \n                            \n\t\t\t\t\t\t\t\t\t\t\t\t\t<\/div><!-- .elementskit-entry-header END -->\n\n\t\t\t\t\t\t<div class=\"elementskit-post-body\">\n\t\t\t\t\t\t\t\n\t\t\t\t\t\t\t\t\t\t\t\t\t\t\t\t\t\t\t\t\t\t\t\t\t\t\t\t\t\t\n\t\t\t\t\t\t\t\t\n\t\t\t\t\t\t\t\t\t\t\t\t\t\t\t\t\t\t\t\t\t<h2 class=\"entry-title\">\n\t\t\t\t\t<a href=\"https:\/\/forstcontrol.com\/fr\/forstcontrol-setzt-starke-akzente-und-begeistert-mit-innovation\/\">\n\t\t\t\t\t\tForstControl pose des jalons forts et enthousiasme par son innovation\t\t\t\t\t<\/a>\n\t\t\t\t<\/h2>\n\t\t\t\t\t\t\t\t\t\t\t\t\t\t\t\t\t\t\t\t\t\t\t\t\t\t\t\t\t\t\t\t\t\t\t\t\t\t\t\t\t\t<p>Du 24 au 27 ao\u00fbt, ForstControl a attir\u00e9 l'attention sur la foire foresti\u00e8re de Lucerne avec une...<\/p>\n\t\t\t\t\t\t\t\t\t\t\t\t\t\t\t\t\t\t\t\t\t\t                                                            <div class=\"btn-wraper\">\n                                    \n                                                                            <a class=\"elementskit-btn whitespace--normal\" id=\"\" href=\"https:\/\/forstcontrol.com\/fr\/forstcontrol-setzt-starke-akzente-und-begeistert-mit-innovation\/\">\n                                        \t                                            Lire la suite                                        <\/a>\n                                                                    <\/div>\n                                                    <\/div><!-- .elementskit-post-body END -->\n                    <\/div>\n                \n            <\/div>\n                    <div class=\"col-lg-4 col-md-6\">\n\n                                    <div class=\"elementskit-post-image-card\">\n                        <div class=\"elementskit-entry-header\">\n                                                            <a href=\"https:\/\/forstcontrol.com\/fr\/tiktok-und-bereits-ueber-23000-follower\/\" class=\"elementskit-entry-thumb\">\n                                    <img decoding=\"async\" src=\"https:\/\/forstcontrol.com\/wp-content\/uploads\/2025\/04\/Tiktok-ForstControl-768x439-1.jpg\" alt=\"TikTok \u2013 und bereits \u00fcber 23\u2019000 Follower\">\n                                <\/a><!-- .elementskit-entry-thumb END -->\n                                                            \n                            \n\t\t\t\t\t\t\t\t\t\t\t\t\t<\/div><!-- .elementskit-entry-header END -->\n\n\t\t\t\t\t\t<div class=\"elementskit-post-body\">\n\t\t\t\t\t\t\t\n\t\t\t\t\t\t\t\t\t\t\t\t\t\t\t\t\t\t\t\t\t\t\t\t\t\t\t\t\t\t\n\t\t\t\t\t\t\t\t\n\t\t\t\t\t\t\t\t\t\t\t\t\t\t\t\t\t\t\t\t\t<h2 class=\"entry-title\">\n\t\t\t\t\t<a href=\"https:\/\/forstcontrol.com\/fr\/tiktok-und-bereits-ueber-23000-follower\/\">\n\t\t\t\t\t\tTikTok - et d\u00e9j\u00e0 plus de 23'000 followers\t\t\t\t\t<\/a>\n\t\t\t\t<\/h2>\n\t\t\t\t\t\t\t\t\t\t\t\t\t\t\t\t\t\t\t\t\t\t\t\t\t\t\t\t\t\t\t\t\t\t\t\t\t\t\t\t\t\t<p>Depuis le d\u00e9but de l'ann\u00e9e, ForstControl est pr\u00e9sent sur TikTok - avec un succ\u00e8s consid\u00e9rable. En l'espace de quelques mois,...<\/p>\n\t\t\t\t\t\t\t\t\t\t\t\t\t\t\t\t\t\t\t\t\t\t                                                            <div class=\"btn-wraper\">\n                                    \n                                                                            <a class=\"elementskit-btn whitespace--normal\" id=\"\" href=\"https:\/\/forstcontrol.com\/fr\/tiktok-und-bereits-ueber-23000-follower\/\">\n                                        \t                                            Lire la suite                                        <\/a>\n                                                                    <\/div>\n                                                    <\/div><!-- .elementskit-post-body END -->\n                    <\/div>\n                \n            <\/div>\n                    <div class=\"col-lg-4 col-md-6\">\n\n                                    <div class=\"elementskit-post-image-card\">\n                        <div class=\"elementskit-entry-header\">\n                                                            <a href=\"https:\/\/forstcontrol.com\/fr\/wochenplanung-neu-gedacht-effizient-mobil-und-ressourcenschonend\/\" class=\"elementskit-entry-thumb\">\n                                    <img decoding=\"async\" src=\"https:\/\/forstcontrol.com\/wp-content\/uploads\/2025\/04\/Wochenplanung-ForstControl-768x350-1.jpg\" alt=\"Wochenplanung neu gedacht: Effizient, mobil und ressourcenschonend\">\n                                <\/a><!-- .elementskit-entry-thumb END -->\n                                                            \n                            \n\t\t\t\t\t\t\t\t\t\t\t\t\t<\/div><!-- .elementskit-entry-header END -->\n\n\t\t\t\t\t\t<div class=\"elementskit-post-body\">\n\t\t\t\t\t\t\t\n\t\t\t\t\t\t\t\t\t\t\t\t\t\t\t\t\t\t\t\t\t\t\t\t\t\t\t\t\t\t\n\t\t\t\t\t\t\t\t\n\t\t\t\t\t\t\t\t\t\t\t\t\t\t\t\t\t\t\t\t\t<h2 class=\"entry-title\">\n\t\t\t\t\t<a href=\"https:\/\/forstcontrol.com\/fr\/wochenplanung-neu-gedacht-effizient-mobil-und-ressourcenschonend\/\">\n\t\t\t\t\t\tUne planification hebdomadaire repens\u00e9e : efficace, mobile et respectueuse des ressources\t\t\t\t\t<\/a>\n\t\t\t\t<\/h2>\n\t\t\t\t\t\t\t\t\t\t\t\t\t\t\t\t\t\t\t\t\t\t\t\t\t\t\t\t\t\t\t\t\t\t\t\t\t\t\t\t\t\t<p>Le nouvel outil de planification hebdomadaire est en ligne - et apporte un vent de fra\u00eecheur dans la planification op\u00e9rationnelle de...<\/p>\n\t\t\t\t\t\t\t\t\t\t\t\t\t\t\t\t\t\t\t\t\t\t                                                            <div class=\"btn-wraper\">\n                                    \n                                                                            <a class=\"elementskit-btn whitespace--normal\" id=\"\" href=\"https:\/\/forstcontrol.com\/fr\/wochenplanung-neu-gedacht-effizient-mobil-und-ressourcenschonend\/\">\n                                        \t                                            Lire la suite                                        <\/a>\n                                                                    <\/div>\n                                                    <\/div><!-- .elementskit-post-body END -->\n                    <\/div>\n                \n            <\/div>\n                    <div class=\"col-lg-4 col-md-6\">\n\n                                    <div class=\"elementskit-post-image-card\">\n                        <div class=\"elementskit-entry-header\">\n                                                            <a href=\"https:\/\/forstcontrol.com\/fr\/warum-fomea-jetzt-digital-aufruestet\/\" class=\"elementskit-entry-thumb\">\n                                    <img decoding=\"async\" src=\"https:\/\/forstcontrol.com\/wp-content\/uploads\/2025\/04\/David-Henzmann_FOMEA_Urs-Giger-768x363-1.jpeg\" alt=\"Warum FOMEA jetzt digital aufr\u00fcstet\">\n                                <\/a><!-- .elementskit-entry-thumb END -->\n                                                            \n                            \n\t\t\t\t\t\t\t\t\t\t\t\t\t<\/div><!-- .elementskit-entry-header END -->\n\n\t\t\t\t\t\t<div class=\"elementskit-post-body\">\n\t\t\t\t\t\t\t\n\t\t\t\t\t\t\t\t\t\t\t\t\t\t\t\t\t\t\t\t\t\t\t\t\t\t\t\t\t\t\n\t\t\t\t\t\t\t\t\n\t\t\t\t\t\t\t\t\t\t\t\t\t\t\t\t\t\t\t\t\t<h2 class=\"entry-title\">\n\t\t\t\t\t<a href=\"https:\/\/forstcontrol.com\/fr\/warum-fomea-jetzt-digital-aufruestet\/\">\n\t\t\t\t\t\tPourquoi FOMEA s'\u00e9quipe maintenant en num\u00e9rique\t\t\t\t\t<\/a>\n\t\t\t\t<\/h2>\n\t\t\t\t\t\t\t\t\t\t\t\t\t\t\t\t\t\t\t\t\t\t\t\t\t\t\t\t\t\t\t\t\t\t\t\t\t\t\t\t\t\t<p>La vente de FOMEA AG \u00e0 David Henzmann, propri\u00e9taire de ForstControl, marque le d\u00e9but d'une...<\/p>\n\t\t\t\t\t\t\t\t\t\t\t\t\t\t\t\t\t\t\t\t\t\t                                                            <div class=\"btn-wraper\">\n                                    \n                                                                            <a class=\"elementskit-btn whitespace--normal\" id=\"\" href=\"https:\/\/forstcontrol.com\/fr\/warum-fomea-jetzt-digital-aufruestet\/\">\n                                        \t                                            Lire la suite                                        <\/a>\n                                                                    <\/div>\n                                                    <\/div><!-- .elementskit-post-body END -->\n                    <\/div>\n                \n            <\/div>\n                    <div class=\"col-lg-4 col-md-6\">\n\n                                    <div class=\"elementskit-post-image-card\">\n                        <div class=\"elementskit-entry-header\">\n                                                            <a href=\"https:\/\/forstcontrol.com\/fr\/neue-fuehrungsstruktur-bei-forstcontrol-kompetenz-trifft-vision\/\" class=\"elementskit-entry-thumb\">\n                                    <img decoding=\"async\" src=\"https:\/\/forstcontrol.com\/wp-content\/uploads\/2025\/04\/Verwaltungsrat-siabit-AG_David-Henzmann-768x492-1.jpg\" alt=\"Neue F\u00fchrungsstruktur bei ForstControl \u2013 Kompetenz trifft Vision\">\n                                <\/a><!-- .elementskit-entry-thumb END -->\n                                                            \n                            \n\t\t\t\t\t\t\t\t\t\t\t\t\t<\/div><!-- .elementskit-entry-header END -->\n\n\t\t\t\t\t\t<div class=\"elementskit-post-body\">\n\t\t\t\t\t\t\t\n\t\t\t\t\t\t\t\t\t\t\t\t\t\t\t\t\t\t\t\t\t\t\t\t\t\t\t\t\t\t\n\t\t\t\t\t\t\t\t\n\t\t\t\t\t\t\t\t\t\t\t\t\t\t\t\t\t\t\t\t\t<h2 class=\"entry-title\">\n\t\t\t\t\t<a href=\"https:\/\/forstcontrol.com\/fr\/neue-fuehrungsstruktur-bei-forstcontrol-kompetenz-trifft-vision\/\">\n\t\t\t\t\t\tNouvelle structure de direction chez ForstControl - La rencontre de la comp\u00e9tence et de la vision\t\t\t\t\t<\/a>\n\t\t\t\t<\/h2>\n\t\t\t\t\t\t\t\t\t\t\t\t\t\t\t\t\t\t\t\t\t\t\t\t\t\t\t\t\t\t\t\t\t\t\t\t\t\t\t\t\t\t<p>ForstControl donne un signal clair avec une nouvelle direction strat\u00e9gique : L'entreprise veut cro\u00eetre, \u00eatre plus innovante...<\/p>\n\t\t\t\t\t\t\t\t\t\t\t\t\t\t\t\t\t\t\t\t\t\t                                                            <div class=\"btn-wraper\">\n                                    \n                                                                            <a class=\"elementskit-btn whitespace--normal\" id=\"\" href=\"https:\/\/forstcontrol.com\/fr\/neue-fuehrungsstruktur-bei-forstcontrol-kompetenz-trifft-vision\/\">\n                                        \t                                            Lire la suite                                        <\/a>\n                                                                    <\/div>\n                                                    <\/div><!-- .elementskit-post-body END -->\n                    <\/div>\n                \n            <\/div>\n                    <div class=\"col-lg-4 col-md-6\">\n\n                                    <div class=\"elementskit-post-image-card\">\n                        <div class=\"elementskit-entry-header\">\n                                                            <a href=\"https:\/\/forstcontrol.com\/fr\/diogo-setzt-auf-transparenz-und-technologie\/\" class=\"elementskit-entry-thumb\">\n                                    <img decoding=\"async\" src=\"https:\/\/forstcontrol.com\/wp-content\/uploads\/2025\/04\/DSC_1502-768x512-1.jpg\" alt=\"Diogo setzt auf Transparenz und Technologie\">\n                                <\/a><!-- .elementskit-entry-thumb END -->\n                                                            \n                            \n\t\t\t\t\t\t\t\t\t\t\t\t\t<\/div><!-- .elementskit-entry-header END -->\n\n\t\t\t\t\t\t<div class=\"elementskit-post-body\">\n\t\t\t\t\t\t\t\n\t\t\t\t\t\t\t\t\t\t\t\t\t\t\t\t\t\t\t\t\t\t\t\t\t\t\t\t\t\t\n\t\t\t\t\t\t\t\t\n\t\t\t\t\t\t\t\t\t\t\t\t\t\t\t\t\t\t\t\t\t<h2 class=\"entry-title\">\n\t\t\t\t\t<a href=\"https:\/\/forstcontrol.com\/fr\/diogo-setzt-auf-transparenz-und-technologie\/\">\n\t\t\t\t\t\tDiogo mise sur la transparence et la technologie\t\t\t\t\t<\/a>\n\t\t\t\t<\/h2>\n\t\t\t\t\t\t\t\t\t\t\t\t\t\t\t\t\t\t\t\t\t\t\t\t\t\t\t\t\t\t\t\t\t\t\t\t\t\t\t\t\t\t<p>Diogo, 22 ans, a termin\u00e9 avec succ\u00e8s sa formation de d\u00e9veloppeur d'applications CFC avec maturit\u00e9 professionnelle en 2021....<\/p>\n\t\t\t\t\t\t\t\t\t\t\t\t\t\t\t\t\t\t\t\t\t\t                                                            <div class=\"btn-wraper\">\n                                    \n                                                                            <a class=\"elementskit-btn whitespace--normal\" id=\"\" href=\"https:\/\/forstcontrol.com\/fr\/diogo-setzt-auf-transparenz-und-technologie\/\">\n                                        \t                                            Lire la suite                                        <\/a>\n                                                                    <\/div>\n                                                    <\/div><!-- .elementskit-post-body END -->\n                    <\/div>\n                \n            <\/div>\n                    <div class=\"col-lg-4 col-md-6\">\n\n                                    <div class=\"elementskit-post-image-card\">\n                        <div class=\"elementskit-entry-header\">\n                                                            <a href=\"https:\/\/forstcontrol.com\/fr\/siabti-ag-sichert-sich-halbe-million-kapital\/\" class=\"elementskit-entry-thumb\">\n                                    <img decoding=\"async\" src=\"https:\/\/forstcontrol.com\/wp-content\/uploads\/2025\/04\/Invesmtent-ForstControl-768x512-1.jpg\" alt=\"siabti AG sichert sich halbe Million Kapital\">\n                                <\/a><!-- .elementskit-entry-thumb END -->\n                                                            \n                            \n\t\t\t\t\t\t\t\t\t\t\t\t\t<\/div><!-- .elementskit-entry-header END -->\n\n\t\t\t\t\t\t<div class=\"elementskit-post-body\">\n\t\t\t\t\t\t\t\n\t\t\t\t\t\t\t\t\t\t\t\t\t\t\t\t\t\t\t\t\t\t\t\t\t\t\t\t\t\t\n\t\t\t\t\t\t\t\t\n\t\t\t\t\t\t\t\t\t\t\t\t\t\t\t\t\t\t\t\t\t<h2 class=\"entry-title\">\n\t\t\t\t\t<a href=\"https:\/\/forstcontrol.com\/fr\/siabti-ag-sichert-sich-halbe-million-kapital\/\">\n\t\t\t\t\t\tsiabti AG s'assure un demi-million de capital\t\t\t\t\t<\/a>\n\t\t\t\t<\/h2>\n\t\t\t\t\t\t\t\t\t\t\t\t\t\t\t\t\t\t\t\t\t\t\t\t\t\t\t\t\t\t\t\t\t\t\t\t\t\t\t\t\t\t<p>La soci\u00e9t\u00e9 siabti AG a r\u00e9ussi \u00e0 convaincre ses premiers investisseurs - une \u00e9tape importante sur le...<\/p>\n\t\t\t\t\t\t\t\t\t\t\t\t\t\t\t\t\t\t\t\t\t\t                                                            <div class=\"btn-wraper\">\n                                    \n                                                                            <a class=\"elementskit-btn whitespace--normal\" id=\"\" href=\"https:\/\/forstcontrol.com\/fr\/siabti-ag-sichert-sich-halbe-million-kapital\/\">\n                                        \t                                            Lire la suite                                        <\/a>\n                                                                    <\/div>\n                                                    <\/div><!-- .elementskit-post-body END -->\n                    <\/div>\n                \n            <\/div>\n                    <div class=\"col-lg-4 col-md-6\">\n\n                                    <div class=\"elementskit-post-image-card\">\n                        <div class=\"elementskit-entry-header\">\n                                                            <a href=\"https:\/\/forstcontrol.com\/fr\/wie-forstcontrol-foerster-von-morgen-ausbildet\/\" class=\"elementskit-entry-thumb\">\n                                    <img decoding=\"async\" src=\"https:\/\/forstcontrol.com\/wp-content\/uploads\/2025\/04\/mainthumbnail-768x432-1.jpg\" alt=\"Wie ForstControl F\u00f6rster von morgen ausbildet\">\n                                <\/a><!-- .elementskit-entry-thumb END -->\n                                                            \n                            \n\t\t\t\t\t\t\t\t\t\t\t\t\t<\/div><!-- .elementskit-entry-header END -->\n\n\t\t\t\t\t\t<div class=\"elementskit-post-body\">\n\t\t\t\t\t\t\t\n\t\t\t\t\t\t\t\t\t\t\t\t\t\t\t\t\t\t\t\t\t\t\t\t\t\t\t\t\t\t\n\t\t\t\t\t\t\t\t\n\t\t\t\t\t\t\t\t\t\t\t\t\t\t\t\t\t\t\t\t\t<h2 class=\"entry-title\">\n\t\t\t\t\t<a href=\"https:\/\/forstcontrol.com\/fr\/wie-forstcontrol-foerster-von-morgen-ausbildet\/\">\n\t\t\t\t\t\tComment ForstControl forme les forestiers de demain\t\t\t\t\t<\/a>\n\t\t\t\t<\/h2>\n\t\t\t\t\t\t\t\t\t\t\t\t\t\t\t\t\t\t\t\t\t\t\t\t\t\t\t\t\t\t\t\t\t\t\t\t\t\t\t\t\t\t<p>La formation des futurs forestiers exige aujourd'hui plus qu'une simple compr\u00e9hension de l'\u00e9cologie et de la technique...<\/p>\n\t\t\t\t\t\t\t\t\t\t\t\t\t\t\t\t\t\t\t\t\t\t                                                            <div class=\"btn-wraper\">\n                                    \n                                                                            <a class=\"elementskit-btn whitespace--normal\" id=\"\" href=\"https:\/\/forstcontrol.com\/fr\/wie-forstcontrol-foerster-von-morgen-ausbildet\/\">\n                                        \t                                            Lire la suite                                        <\/a>\n                                                                    <\/div>\n                                                    <\/div><!-- .elementskit-post-body END -->\n                    <\/div>\n                \n            <\/div>\n                <\/div>\n       <\/div>\t\t\t\t<\/div>\n\t\t\t\t<\/div>\n\t\t\t\t<\/div>\n\t\t\t\t<\/div>\n\t\t\t\t\t<\/div>\n\t\t\t\t<\/div>\n\t\t\t\t<\/div>","protected":false},"excerpt":{"rendered":"<p>ForstControl \u2013 Updates &#038; Infos Die smarte L\u00f6sung f\u00fcr Forstbetriebe \u2013 erfasse Arbeiten digital, organisiere dein Team effizient und behalte jederzeit den \u00dcberblick \u00fcber deine Projekte. K\u00fcnstliche Intelligenz steigert Effizienz im Forstmanagement Die zunehmende Komplexit\u00e4t forstlicher Aufgaben verlangt nach intelligenten L\u00f6sungen. ForstControl setzt auf den gezielten Einsatz&hellip; Mehr lesen Zertifizierte Qualit\u00e4t und Sicherheit: Ein Meilenstein [&hellip;]<\/p>\n","protected":false},"author":1,"featured_media":0,"parent":0,"menu_order":0,"comment_status":"closed","ping_status":"closed","template":"elementor_header_footer","meta":{"iawp_total_views":1726,"footnotes":""},"class_list":["post-1526","page","type-page","status-publish","hentry"],"_links":{"self":[{"href":"https:\/\/forstcontrol.com\/fr\/wp-json\/wp\/v2\/pages\/1526","targetHints":{"allow":["GET"]}}],"collection":[{"href":"https:\/\/forstcontrol.com\/fr\/wp-json\/wp\/v2\/pages"}],"about":[{"href":"https:\/\/forstcontrol.com\/fr\/wp-json\/wp\/v2\/types\/page"}],"author":[{"embeddable":true,"href":"https:\/\/forstcontrol.com\/fr\/wp-json\/wp\/v2\/users\/1"}],"replies":[{"embeddable":true,"href":"https:\/\/forstcontrol.com\/fr\/wp-json\/wp\/v2\/comments?post=1526"}],"version-history":[{"count":10,"href":"https:\/\/forstcontrol.com\/fr\/wp-json\/wp\/v2\/pages\/1526\/revisions"}],"predecessor-version":[{"id":1696,"href":"https:\/\/forstcontrol.com\/fr\/wp-json\/wp\/v2\/pages\/1526\/revisions\/1696"}],"wp:attachment":[{"href":"https:\/\/forstcontrol.com\/fr\/wp-json\/wp\/v2\/media?parent=1526"}],"curies":[{"name":"wp","href":"https:\/\/api.w.org\/{rel}","templated":true}]}}